{"id":6297,"date":"2024-12-30T10:47:53","date_gmt":"2024-12-30T10:47:53","guid":{"rendered":"https:\/\/masdenadal.com\/plages-rivieres-lot\/"},"modified":"2025-01-27T09:31:34","modified_gmt":"2025-01-27T09:31:34","slug":"stranden-rivieren-lot","status":"publish","type":"page","link":"https:\/\/masdenadal.com\/nl\/stranden-rivieren-lot\/","title":{"rendered":"Rivierstranden"},"content":{"rendered":"\n<section class=\"wp-block-group alignfull gt-home-first overflow-hidden has-base-2-background-color has-background is-layout-flow wp-block-group-is-layout-flow\" style=\"padding-top:7rem\">\n<div class=\"wp-block-columns gt-main-group is-layout-flex wp-container-core-columns-is-layout-fcaf547a wp-block-columns-is-layout-flex\" style=\"padding-right:var(--wp--preset--spacing--60);padding-left:var(--wp--preset--spacing--60)\">\n<div class=\"wp-block-column is-layout-flow wp-block-column-is-layout-flow\" style=\"flex-basis:55%\">\n<figure class=\"wp-block-image size-full is-resized img-parallax\"><img decoding=\"async\" width=\"2000\" height=\"1121\" src=\"https:\/\/masdenadal.com\/wp-content\/uploads\/2025\/01\/riviere-plage.webp\" alt=\"rivierstrand\" class=\"wp-image-4139\" style=\"aspect-ratio:1;object-fit:cover;width:562px\" srcset=\"https:\/\/masdenadal.com\/wp-content\/uploads\/2025\/01\/riviere-plage.webp 2000w, https:\/\/masdenadal.com\/wp-content\/uploads\/2025\/01\/riviere-plage-300x168.webp 300w, https:\/\/masdenadal.com\/wp-content\/uploads\/2025\/01\/riviere-plage-1024x574.webp 1024w, https:\/\/masdenadal.com\/wp-content\/uploads\/2025\/01\/riviere-plage-768x430.webp 768w, https:\/\/masdenadal.com\/wp-content\/uploads\/2025\/01\/riviere-plage-1536x861.webp 1536w\" sizes=\"(max-width: 2000px) 100vw, 2000px\" \/><\/figure>\n<\/div>\n\n\n\n<div class=\"wp-block-column has-base-color has-text-color has-link-color wp-elements-7afd95bc2d1f3634a33d92b637a69cff is-layout-flow wp-block-column-is-layout-flow\" style=\"padding-top:var(--wp--preset--spacing--40);flex-basis:45%\">\n<div class=\"wp-block-group is-layout-flow wp-block-group-is-layout-flow\">\n<figure class=\"wp-block-image size-full is-resized gt-illustration__vague animated fadeInLeft delay-100ms slow wp-duotone-d89b46-d89b46-1\" style=\"margin-bottom:-10rem;margin-left:-10rem\"><img decoding=\"async\" src=\"https:\/\/masdenadal.com\/wp-content\/uploads\/2024\/12\/vagues.svg\" alt=\"golven\" class=\"wp-image-630\" style=\"width:300px\"\/><\/figure>\n\n\n\n<h1 class=\"wp-block-heading has-base-color has-text-color has-link-color wp-elements-a22ad5ccc4513fe25b15bd2718d89280\">De mooiste rivierstranden in de Lot<\/h1>\n<\/div>\n\n\n\n<div style=\"height:2rem\" aria-hidden=\"true\" class=\"wp-block-spacer gt-show-mobile\"><\/div>\n\n\n\n<p>De landschappen van de <strong><a href=\"https:\/\/masdenadal.com\/nl\/\" data-type=\"page\" data-id=\"5\">Lot<\/a><\/strong> worden gevormd door kleine en grote valleien, op de bodem waarvan<strong> verfrissende rivieren<\/strong> meanderen. <\/p>\n\n\n\n<p>Hun meanders volgen de contouren van het land, met zijn groene heuvels en hoge kalkstenen kliffen. <\/p>\n\n\n\n<p>Aan de oevers van de Lot, C\u00e9l\u00e9, Ouysse en Vers nodigen intieme of familiestrandjes je uit om te zwemmen en te ontspannen. Ontdek ze allemaal tijdens je verblijf op Mas de Nadal! <\/p>\n<\/div>\n<\/div>\n\n\n\n<figure class=\"wp-block-image alignright size-full is-resized wp-duotone-unset-2\" style=\"margin-top:-16rem;margin-right:-15rem;margin-bottom:-10rem\"><img decoding=\"async\" src=\"https:\/\/masdenadal.com\/wp-content\/uploads\/2024\/12\/symbole-logo.svg\" alt=\"logosymbool\" class=\"wp-image-1929\" style=\"object-fit:cover;width:600px;height:600px\"\/><\/figure>\n\n\n\n<div class=\"wp-block-group alignfull gt-illustrations-deco has-global-padding is-layout-constrained wp-container-core-group-is-layout-899e4275 wp-block-group-is-layout-constrained\" style=\"margin-top:-54rem;padding-top:0rem;padding-right:0px;padding-bottom:0rem;padding-left:0px\">\n<figure class=\"wp-block-image size-full\" style=\"margin-left:-160px\"><img decoding=\"async\" src=\"https:\/\/masdenadal.com\/wp-content\/uploads\/2024\/12\/pointillers.svg\" alt=\"puntillers\" class=\"wp-image-573\"\/><\/figure>\n<\/div>\n<\/section>\n\n<section class=\"wp-block-group alignfull gt-home-second is-layout-flow wp-block-group-is-layout-flow\" style=\"margin-top:0px;padding-top:0px\">\n<svg xmlns=\"http:\/\/www.w3.org\/2000\/svg\" id=\"Calque_1\" version=\"1.1\" viewbox=\"0 0 151.7 147.8\" height=\"0\" width:=\"\">\n    <defs>\n    <clippath id=\"myClip\">\n  <!-- Generator: Adobe Illustrator 29.1.0, SVG Export Plug-In . SVG Version: 2.1.0 Build 142) -->\n  <path d=\"M7.7,73.1s2.9-.2,7.2-5.5,14-16.7,23.6-16.8,15.2,3.7,19.5,6.9,4.5,3.4,4.5,3.4c0,0-3.5-6.1-6.4-10.6s-5-14.2-1.2-21.7,12.3-13.3,16.1-17.4,4-5.8,4-5.8c0,0,1.2,3.8,4.4,6.2s17.2,13.6,17.8,23.5c.6,9.9-3.9,17.1-8.5,23.1,0,0,12.6-9.7,22.1-8.4s13.3,6.2,17.2,9.7c3.9,3.6,8.9,10.1,13.7,13.3,0,0-5.2,2.9-13.7,12.5-8.5,9.6-14.4,9.8-19.8,9.8s-19.4-7.1-21.6-8.4c0,0,13,8.7,9.8,24.9-2.7,13.2-16.5,16.5-22,28,0,0-1.3-3.8-7.7-9-6.4-5.2-14.4-12.9-15.1-22.2s6.5-18.4,10.1-22.2c0,0-9.9,8.2-19.7,8.8s-15.8-4.6-20.9-9.8-8.3-10.1-13.4-12.4Z\"><\/path>\n          <\/clippath>\n  <\/defs>\n<\/svg>\n\n\n\n<div class=\"wp-block-cover gt-home-second__image\" style=\"margin-top:-22px;padding-top:0px;min-height:100vh;aspect-ratio:unset;\"><span aria-hidden=\"true\" class=\"wp-block-cover__background has-background-dim-10 has-background-dim wp-block-cover__gradient-background has-background-gradient\" style=\"background:linear-gradient(0deg,rgb(0,0,0) 21%,rgba(0,0,0,0) 73%)\"><\/span><img decoding=\"async\" width=\"2000\" height=\"1331\" class=\"wp-block-cover__image-background wp-image-4644\" alt=\"plage de rivi\u00e8re surveill\u00e9e\" src=\"https:\/\/masdenadal.com\/wp-content\/uploads\/2025\/01\/plage-de-riviere-vallee.webp\" data-object-fit=\"cover\" srcset=\"https:\/\/masdenadal.com\/wp-content\/uploads\/2025\/01\/plage-de-riviere-vallee.webp 2000w, https:\/\/masdenadal.com\/wp-content\/uploads\/2025\/01\/plage-de-riviere-vallee-300x200.webp 300w, https:\/\/masdenadal.com\/wp-content\/uploads\/2025\/01\/plage-de-riviere-vallee-1024x681.webp 1024w, https:\/\/masdenadal.com\/wp-content\/uploads\/2025\/01\/plage-de-riviere-vallee-768x511.webp 768w, https:\/\/masdenadal.com\/wp-content\/uploads\/2025\/01\/plage-de-riviere-vallee-1536x1022.webp 1536w\" sizes=\"(max-width: 2000px) 100vw, 2000px\" \/><div class=\"wp-block-cover__inner-container is-layout-flow wp-block-cover-is-layout-flow\">\n<div class=\"wp-block-group alignfull titre-decoratif has-global-padding is-layout-constrained wp-container-core-group-is-layout-2a09996c wp-block-group-is-layout-constrained\" style=\"padding-top:3rem;padding-right:0px;padding-bottom:3rem;padding-left:0px\">\n<div class=\"wp-block-group is-layout-flow wp-block-group-is-layout-flow\" style=\"padding-right:0px;padding-left:0px\">\n<p class=\"has-text-align-center has-marcellus-sc-font-family\" style=\"font-size:clamp(51.347px, 3.209rem + ((1vw - 3.2px) * 5.381), 103px);text-transform:uppercase\">De geest<\/p>\n<\/div>\n\n\n\n<div class=\"wp-block-group is-vertical is-content-justification-center is-nowrap is-layout-flex wp-container-core-group-is-layout-de053ff4 wp-block-group-is-layout-flex\" style=\"margin-top:-40px\">\n<p class=\"has-text-align-center has-marcellus-sc-font-family\" style=\"font-size:clamp(36.08px, 2.255rem + ((1vw - 3.2px) * 3.117), 66px);line-height:1.1;text-transform:uppercase\">Glamping<\/p>\n\n\n\n<figure class=\"wp-block-image size-full is-resized\" style=\"margin-top:-1rem\"><img decoding=\"async\" width=\"488\" height=\"15\" src=\"https:\/\/masdenadal.com\/wp-content\/uploads\/2024\/11\/trait-craie.webp\" alt=\"krijtlijn\" class=\"wp-image-438\" style=\"width:435px\" srcset=\"https:\/\/masdenadal.com\/wp-content\/uploads\/2024\/11\/trait-craie.webp 488w, https:\/\/masdenadal.com\/wp-content\/uploads\/2024\/11\/trait-craie-300x9.webp 300w\" sizes=\"(max-width: 488px) 100vw, 488px\" \/><\/figure>\n<\/div>\n<\/div>\n\n\n\n<p class=\"has-text-align-center has-large-font-size\"><\/p>\n<\/div><\/div>\n<\/section>\n\n<section class=\"wp-block-group alignfull overflow-hidden gt-page-second has-contrast-2-background-color has-background is-layout-flow wp-block-group-is-layout-flow\" style=\"margin-top:0px;padding-top:10rem;padding-right:var(--wp--preset--spacing--60);padding-bottom:10rem;padding-left:var(--wp--preset--spacing--60)\">\n<div class=\"wp-block-columns is-layout-flex wp-container-core-columns-is-layout-428e6669 wp-block-columns-is-layout-flex\">\n<div class=\"wp-block-column has-base-color has-text-color has-link-color wp-elements-6908a3212a5ff2989886e06c09b9ccb2 is-layout-flow wp-block-column-is-layout-flow\" style=\"padding-top:0;flex-basis:45%\">\n<div class=\"wp-block-group is-layout-flow wp-block-group-is-layout-flow\">\n<h2 class=\"wp-block-heading has-base-color has-text-color has-link-color wp-elements-7ae5cb04e076b5ecc4b51392af6796bf\">Rivierstranden bij Sauliac-sur-C\u00e9l\u00e9<\/h2>\n\n\n\n<figure class=\"wp-block-image size-full is-resized gt-illustration__vague animated fadeInLeft delay-100ms slow wp-duotone-d89b46-6b5437-3\" style=\"margin-top:-6rem;margin-left:-10rem\"><img decoding=\"async\" src=\"https:\/\/masdenadal.com\/wp-content\/uploads\/2024\/12\/vagues.svg\" alt=\"golven\" class=\"wp-image-630\" style=\"width:300px\"\/><\/figure>\n<\/div>\n\n\n\n<p>Op slechts twintig minuten lopen van Mas de Nadal, bereikbaar via een prachtig wandelpad, ligt het <strong>strand van Sauliac-sur-C\u00e9l\u00e9<\/strong> verscholen onder het oude dorp. <\/p>\n\n\n\n<p>Je vindt er een stuk gras en kiezels om te ontspannen, helder water om in te zwemmen en toiletten in de buurt.<\/p>\n\n\n\n<p>Je kunt ook genieten van een drankje of een ijsje onder de zomerbar aan het water.<\/p>\n<\/div>\n\n\n\n<div class=\"wp-block-column is-layout-flow wp-block-column-is-layout-flow\" style=\"flex-basis:55%\">\n<figure class=\"wp-block-image size-full is-resized\"><img decoding=\"async\" width=\"1000\" height=\"1504\" src=\"https:\/\/masdenadal.com\/wp-content\/uploads\/2025\/01\/Plage-riviere-de-brengues-cele.webp\" alt=\"Strandrivier van brengues c&#xE9;l&#xE9;\" class=\"wp-image-4148\" style=\"aspect-ratio:1;object-fit:cover;width:562px\" srcset=\"https:\/\/masdenadal.com\/wp-content\/uploads\/2025\/01\/Plage-riviere-de-brengues-cele.webp 1000w, https:\/\/masdenadal.com\/wp-content\/uploads\/2025\/01\/Plage-riviere-de-brengues-cele-199x300.webp 199w, https:\/\/masdenadal.com\/wp-content\/uploads\/2025\/01\/Plage-riviere-de-brengues-cele-681x1024.webp 681w, https:\/\/masdenadal.com\/wp-content\/uploads\/2025\/01\/Plage-riviere-de-brengues-cele-768x1155.webp 768w\" sizes=\"(max-width: 1000px) 100vw, 1000px\" \/><\/figure>\n<\/div>\n<\/div>\n\n\n\n<figure class=\"wp-block-image alignright size-full gt-image-pointille z-index wp-duotone-6b5437-453a39-4\" style=\"margin-top:-525px;margin-right:-150px\"><img decoding=\"async\" width=\"722\" height=\"673\" src=\"https:\/\/masdenadal.com\/wp-content\/uploads\/2024\/12\/palmier-edited.webp\" alt=\"palmboom\" class=\"wp-image-1971\" srcset=\"https:\/\/masdenadal.com\/wp-content\/uploads\/2024\/12\/palmier-edited.webp 722w, https:\/\/masdenadal.com\/wp-content\/uploads\/2024\/12\/palmier-edited-300x280.webp 300w\" sizes=\"(max-width: 722px) 100vw, 722px\" \/><\/figure>\n<\/section>\n\n<section class=\"wp-block-group alignfull gt-home-fifth ter is-layout-flow wp-block-group-is-layout-flow\" style=\"margin-bottom:0px;padding-top:10rem;padding-right:0;padding-bottom:10rem;padding-left:0rem\">\n<div class=\"wp-block-group alignfull deco-wrapper has-global-padding is-layout-constrained wp-container-core-group-is-layout-c774a85c wp-block-group-is-layout-constrained\" style=\"margin-top:-200px;padding-right:0rem;padding-bottom:10rem;padding-left:0rem\">\n<figure class=\"wp-block-image alignfull size-full deco wp-container-content-f58ced2e wp-duotone-ffffff-ffffff-5\"><img alt=\"deco\" decoding=\"async\" width=\"2015\" height=\"28\" src=\"https:\/\/masdenadal.com\/wp-content\/uploads\/2024\/12\/deco-edited-1.webp\" alt=\"\" class=\"wp-image-792\" srcset=\"https:\/\/masdenadal.com\/wp-content\/uploads\/2024\/12\/deco-edited-1.webp 2015w, https:\/\/masdenadal.com\/wp-content\/uploads\/2024\/12\/deco-edited-1-300x4.webp 300w, https:\/\/masdenadal.com\/wp-content\/uploads\/2024\/12\/deco-edited-1-1024x14.webp 1024w, https:\/\/masdenadal.com\/wp-content\/uploads\/2024\/12\/deco-edited-1-768x11.webp 768w, https:\/\/masdenadal.com\/wp-content\/uploads\/2024\/12\/deco-edited-1-1536x21.webp 1536w\" sizes=\"(max-width: 2015px) 100vw, 2015px\" \/><\/figure>\n<\/div>\n\n\n\n<div class=\"wp-block-columns is-layout-flex wp-container-core-columns-is-layout-fcaf547a wp-block-columns-is-layout-flex\" style=\"padding-right:var(--wp--preset--spacing--60);padding-left:var(--wp--preset--spacing--60)\">\n<div class=\"wp-block-column is-layout-flow wp-block-column-is-layout-flow\">\n<figure class=\"wp-block-image size-full is-resized\"><img decoding=\"async\" width=\"736\" height=\"1056\" src=\"https:\/\/masdenadal.com\/wp-content\/uploads\/2025\/01\/plage-de-riviere-cele-cabreret.webp\" alt=\"strand van de rivi&#xE8;re c&#xE9;l&#xE9; cabreret\" class=\"wp-image-4480\" style=\"aspect-ratio:1;object-fit:cover;width:562px\" srcset=\"https:\/\/masdenadal.com\/wp-content\/uploads\/2025\/01\/plage-de-riviere-cele-cabreret.webp 736w, https:\/\/masdenadal.com\/wp-content\/uploads\/2025\/01\/plage-de-riviere-cele-cabreret-209x300.webp 209w, https:\/\/masdenadal.com\/wp-content\/uploads\/2025\/01\/plage-de-riviere-cele-cabreret-714x1024.webp 714w\" sizes=\"(max-width: 736px) 100vw, 736px\" \/><\/figure>\n<\/div>\n\n\n\n<div class=\"wp-block-column is-layout-flow wp-block-column-is-layout-flow\" style=\"padding-top:var(--wp--preset--spacing--40)\">\n<div class=\"wp-block-group is-layout-flow wp-block-group-is-layout-flow\">\n<h2 class=\"wp-block-heading\">In de Lot, de mooiste rivierstranden<\/h2>\n\n\n\n<figure class=\"wp-block-image size-full is-resized gt-illustration__vague animated fadeInLeft delay-100ms slow wp-duotone-d89b46-d89b46-6\" style=\"margin-top:-6rem;margin-left:-10rem\"><img decoding=\"async\" src=\"https:\/\/masdenadal.com\/wp-content\/uploads\/2024\/12\/vagues.svg\" alt=\"golven\" class=\"wp-image-630\" style=\"width:300px\"\/><\/figure>\n<\/div>\n\n\n\n<p>Andere prachtige stranden wachten op je in de <strong>C\u00e9l\u00e9-vallei<\/strong> en de bredere <strong>Lot-vallei<\/strong>. <\/p>\n\n\n\n<p>Als je op zoek bent naar een geweldige plek om te zwemmen, raden we je het <strong>strand in het kleine dorpje Castelfranc<\/strong> in de wijngaarden van <a href=\"https:\/\/masdenadal.com\/nl\/toerisme-cahors\/\" data-type=\"page\" data-id=\"2297\">Wijngaarden van <strong>Cahors<\/strong><\/a>het mooie strand onder de oude brug bij Brengues, op weg naar <strong><a href=\"https:\/\/masdenadal.com\/nl\/figeac-toerisme\/\" data-type=\"page\" data-id=\"2316\">Figeac<\/a><\/strong>of de <strong>stranden bij Marcilhac-sur-C\u00e9l\u00e9<\/strong>, tegenover de kliffen.<\/p>\n\n\n\n<p>Bewaar je strandspullen in je auto voor een zwempauze na je bezoeken! Er is een prachtig stuk kiezel aan de voet van de <strong>Cabrerets molen<\/strong>, niet ver van de <strong>Pech Merle grot<\/strong>.  <\/p>\n\n\n\n<p>Als je het Mus\u00e9e de l&#8217;Insolite van Bertrand Chenu bezoekt, maak dan van de gelegenheid gebruik om het <strong>prachtige strand van Liauzu<\/strong> en zijn idyllische omgeving te ontdekken.<\/p>\n<\/div>\n<\/div>\n<\/section>\n\n<section class=\"wp-block-group alignfull gt-home-sixth has-contrast-background-color has-background is-layout-flow wp-block-group-is-layout-flow\" style=\"margin-top:0px;margin-bottom:0px;padding-top:14rem;padding-right:var(--wp--preset--spacing--60);padding-bottom:14rem;padding-left:var(--wp--preset--spacing--60)\">\n<div class=\"wp-block-group alignfull gt-no-padding-mobile is-layout-flow wp-block-group-is-layout-flow\" style=\"padding-right:0rem;padding-left:0rem\">\n<div data-swiper=\"{&quot;speed&quot;:400,&quot;spaceBetween&quot;:&quot;0&quot;,&quot;slidesPerView&quot;:1,&quot;createElements&quot;:true,&quot;loop&quot;:true,&quot;freemode&quot;:true,&quot;pagination&quot;:{&quot;el&quot;:&quot;.swiper-pagination&quot;,&quot;dynamicBullets&quot;:true},&quot;breakpoints&quot;:[{&quot;slidesPerView&quot;:1}],&quot;navigation&quot;:false,&quot;autoplay&quot;:{&quot;delay&quot;:&quot;2000&quot;}}\" class=\"wp-block-group alignfull gt-is-slider gt-is-slider-desktop is-layout-grid wp-container-core-group-is-layout-478b6e6b wp-block-group-is-layout-grid\">\n<div class=\"wp-block-cover alignwide is-light gt-cover-parallax-up\" style=\"min-height:100vh;aspect-ratio:unset;\"><span aria-hidden=\"true\" class=\"wp-block-cover__background has-accent-5-background-color has-background-dim-0 has-background-dim\"><\/span><img decoding=\"async\" width=\"2000\" height=\"1450\" class=\"wp-block-cover__image-background wp-image-4131\" alt=\"Plages rivi\u00e8res\" src=\"https:\/\/masdenadal.com\/wp-content\/uploads\/2025\/01\/Plages-rivieres.webp\" data-object-fit=\"cover\" srcset=\"https:\/\/masdenadal.com\/wp-content\/uploads\/2025\/01\/Plages-rivieres.webp 2000w, https:\/\/masdenadal.com\/wp-content\/uploads\/2025\/01\/Plages-rivieres-300x218.webp 300w, https:\/\/masdenadal.com\/wp-content\/uploads\/2025\/01\/Plages-rivieres-1024x742.webp 1024w, https:\/\/masdenadal.com\/wp-content\/uploads\/2025\/01\/Plages-rivieres-768x557.webp 768w, https:\/\/masdenadal.com\/wp-content\/uploads\/2025\/01\/Plages-rivieres-1536x1114.webp 1536w\" sizes=\"(max-width: 2000px) 100vw, 2000px\" \/><div class=\"wp-block-cover__inner-container is-layout-flow wp-block-cover-is-layout-flow\">\n<p class=\"has-text-align-center has-large-font-size\"><\/p>\n<\/div><\/div>\n\n\n\n<div class=\"wp-block-cover alignwide gt-cover-parallax-up\" style=\"min-height:100vh;aspect-ratio:unset;\"><span aria-hidden=\"true\" class=\"wp-block-cover__background has-accent-5-background-color has-background-dim-0 has-background-dim\"><\/span><img decoding=\"async\" width=\"2000\" height=\"1331\" class=\"wp-block-cover__image-background wp-image-4102\" alt=\"Plages de rivi\u00e8res\u00a0lodges du mas de nadal\" src=\"https:\/\/masdenadal.com\/wp-content\/uploads\/2025\/01\/Plages-de-rivieres-lodges-du-mas-de-nadal.webp\" data-object-fit=\"cover\" srcset=\"https:\/\/masdenadal.com\/wp-content\/uploads\/2025\/01\/Plages-de-rivieres-lodges-du-mas-de-nadal.webp 2000w, https:\/\/masdenadal.com\/wp-content\/uploads\/2025\/01\/Plages-de-rivieres-lodges-du-mas-de-nadal-300x200.webp 300w, https:\/\/masdenadal.com\/wp-content\/uploads\/2025\/01\/Plages-de-rivieres-lodges-du-mas-de-nadal-1024x681.webp 1024w, https:\/\/masdenadal.com\/wp-content\/uploads\/2025\/01\/Plages-de-rivieres-lodges-du-mas-de-nadal-768x511.webp 768w, https:\/\/masdenadal.com\/wp-content\/uploads\/2025\/01\/Plages-de-rivieres-lodges-du-mas-de-nadal-1536x1022.webp 1536w\" sizes=\"(max-width: 2000px) 100vw, 2000px\" \/><div class=\"wp-block-cover__inner-container is-layout-flow wp-block-cover-is-layout-flow\">\n<p class=\"has-text-align-center has-large-font-size\"><\/p>\n<\/div><\/div>\n\n\n\n<div class=\"wp-block-cover alignwide gt-cover-parallax-up\" style=\"min-height:100vh;aspect-ratio:unset;\"><span aria-hidden=\"true\" class=\"wp-block-cover__background has-accent-5-background-color has-background-dim-0 has-background-dim\"><\/span><img decoding=\"async\" width=\"2000\" height=\"1331\" class=\"wp-block-cover__image-background wp-image-4640\" alt=\"plage rivi\u00e8re proches des lodges mas de nadal \" src=\"https:\/\/masdenadal.com\/wp-content\/uploads\/2025\/01\/lodges-mas-de-nadal-plage-riviere.webp\" data-object-fit=\"cover\" srcset=\"https:\/\/masdenadal.com\/wp-content\/uploads\/2025\/01\/lodges-mas-de-nadal-plage-riviere.webp 2000w, https:\/\/masdenadal.com\/wp-content\/uploads\/2025\/01\/lodges-mas-de-nadal-plage-riviere-300x200.webp 300w, https:\/\/masdenadal.com\/wp-content\/uploads\/2025\/01\/lodges-mas-de-nadal-plage-riviere-1024x681.webp 1024w, https:\/\/masdenadal.com\/wp-content\/uploads\/2025\/01\/lodges-mas-de-nadal-plage-riviere-768x511.webp 768w, https:\/\/masdenadal.com\/wp-content\/uploads\/2025\/01\/lodges-mas-de-nadal-plage-riviere-1536x1022.webp 1536w\" sizes=\"(max-width: 2000px) 100vw, 2000px\" \/><div class=\"wp-block-cover__inner-container is-layout-flow wp-block-cover-is-layout-flow\">\n<p class=\"has-text-align-center has-large-font-size\"><\/p>\n<\/div><\/div>\n<\/div>\n\n\n\n<div class=\"wp-block-columns is-layout-flex wp-container-core-columns-is-layout-28f84493 wp-block-columns-is-layout-flex\">\n<div class=\"wp-block-column gt-hide-mobile is-layout-flow wp-block-column-is-layout-flow\"><\/div>\n\n\n\n<div class=\"wp-block-column is-layout-flow wp-block-column-is-layout-flow\" style=\"padding-top:var(--wp--preset--spacing--40)\">\n<div class=\"wp-block-group content has-contrast-background-color has-background is-layout-flow wp-block-group-is-layout-flow\" style=\"margin-top:-48rem;padding-top:4rem;padding-bottom:4rem;padding-left:7rem\">\n<div class=\"wp-block-group is-layout-flow wp-block-group-is-layout-flow\">\n<h2 class=\"wp-block-heading has-base-color has-text-color has-link-color wp-elements-fdfbd3a7ce60c390f7821787f2fea203\">In de valleien van Ouysse en Alzou<\/h2>\n\n\n\n<figure class=\"wp-block-image size-full is-resized gt-illustration__vague animated fadeInLeft delay-100ms slow wp-duotone-d89b46-6b5437-7\" style=\"margin-top:-6rem;margin-left:-10rem\"><img decoding=\"async\" src=\"https:\/\/masdenadal.com\/wp-content\/uploads\/2024\/12\/vagues.svg\" alt=\"golven\" class=\"wp-image-630\" style=\"width:300px\"\/><\/figure>\n<\/div>\n\n\n\n<div class=\"wp-block-group has-base-color has-text-color has-link-color wp-elements-a74498fdb6223d16a4d02503c91e4f59 is-layout-flow wp-block-group-is-layout-flow\">\n<p>Rondom Mas de Nadal bieden <strong>de Alzou- en Ouyssevallei<\/strong> ook een aantal mooie zwemplekken. Deze twee valleien zijn echte canyons en onderscheiden zich door de schoonheid van hun landschappen.  <\/p>\n\n\n\n<p>In Saint-Sauveur vormt het turquoise water van de Ouysse een betoverend zwembad te midden van weelderig kreupelhout.<\/p>\n\n\n\n<p>Tussen Gramat en <strong><a href=\"https:\/\/masdenadal.com\/nl\/toerisme-rocamadour\/\" data-type=\"page\" data-id=\"2217\">Rocamadour<\/a><\/strong>is de canyon van Alzou een populaire bestemming om te wandelen en verfrissende watervallen te ontdekken. Het gebied is ook ideaal voor <strong><a href=\"https:\/\/masdenadal.com\/nl\/sportactiviteiten-lot\/\" data-type=\"page\" data-id=\"16\">en canyoning<\/a><\/strong>. <\/p>\n<\/div>\n<\/div>\n<\/div>\n<\/div>\n<\/div>\n\n\n\n<figure data-gt-animation-speed=\"100\" data-gt-animation-delay=\"20\" class=\"wp-block-image alignright size-large is-resized gt-image-pointille gt-gsap-parallaxDown wp-duotone-58595b-ffffff-8\" style=\"margin-top:-23rem;margin-right:31rem\"><img decoding=\"async\" width=\"1024\" height=\"803\" src=\"https:\/\/masdenadal.com\/wp-content\/uploads\/2024\/12\/branche-1024x803.webp\" alt=\"vestiging\" class=\"wp-image-1284\" style=\"width:606px\" srcset=\"https:\/\/masdenadal.com\/wp-content\/uploads\/2024\/12\/branche-1024x803.webp 1024w, https:\/\/masdenadal.com\/wp-content\/uploads\/2024\/12\/branche-300x235.webp 300w, https:\/\/masdenadal.com\/wp-content\/uploads\/2024\/12\/branche-768x602.webp 768w, https:\/\/masdenadal.com\/wp-content\/uploads\/2024\/12\/branche.webp 1157w\" sizes=\"(max-width: 1024px) 100vw, 1024px\" \/><\/figure>\n<\/section>\n\n<section class=\"wp-block-group alignfull gt-home-fifth ter is-layout-flow wp-block-group-is-layout-flow\" style=\"margin-bottom:0px;padding-top:10rem;padding-right:0;padding-bottom:10rem;padding-left:0rem\">\n<div class=\"wp-block-group alignfull deco-wrapper has-global-padding is-layout-constrained wp-container-core-group-is-layout-c774a85c wp-block-group-is-layout-constrained\" style=\"margin-top:-200px;padding-right:0rem;padding-bottom:10rem;padding-left:0rem\">\n<figure class=\"wp-block-image alignfull size-full deco wp-container-content-f58ced2e wp-duotone-ffffff-ffffff-9\"><img alt=\"deco\" decoding=\"async\" width=\"2015\" height=\"28\" src=\"https:\/\/masdenadal.com\/wp-content\/uploads\/2024\/12\/deco-edited-1.webp\" alt=\"\" class=\"wp-image-792\" srcset=\"https:\/\/masdenadal.com\/wp-content\/uploads\/2024\/12\/deco-edited-1.webp 2015w, https:\/\/masdenadal.com\/wp-content\/uploads\/2024\/12\/deco-edited-1-300x4.webp 300w, https:\/\/masdenadal.com\/wp-content\/uploads\/2024\/12\/deco-edited-1-1024x14.webp 1024w, https:\/\/masdenadal.com\/wp-content\/uploads\/2024\/12\/deco-edited-1-768x11.webp 768w, https:\/\/masdenadal.com\/wp-content\/uploads\/2024\/12\/deco-edited-1-1536x21.webp 1536w\" sizes=\"(max-width: 2015px) 100vw, 2015px\" \/><\/figure>\n<\/div>\n\n\n\n<div class=\"wp-block-columns is-layout-flex wp-container-core-columns-is-layout-fcaf547a wp-block-columns-is-layout-flex\" style=\"padding-right:var(--wp--preset--spacing--60);padding-left:var(--wp--preset--spacing--60)\">\n<div class=\"wp-block-column is-layout-flow wp-block-column-is-layout-flow\" style=\"padding-top:var(--wp--preset--spacing--40)\">\n<div class=\"wp-block-group is-layout-flow wp-block-group-is-layout-flow\">\n<h2 class=\"wp-block-heading\">Rivierstranden in de Vers-vallei<\/h2>\n\n\n\n<figure class=\"wp-block-image size-full is-resized gt-illustration__vague animated fadeInLeft delay-100ms slow wp-duotone-d89b46-d89b46-10\" style=\"margin-top:-6rem;margin-left:-10rem\"><img decoding=\"async\" src=\"https:\/\/masdenadal.com\/wp-content\/uploads\/2024\/12\/vagues.svg\" alt=\"golven\" class=\"wp-image-630\" style=\"width:300px\"\/><\/figure>\n<\/div>\n\n\n\n<p>Met zijn weelderige groene landschappen en heldere water is de <strong>Vers-vallei<\/strong> <strong>populair bij wandelaars en vissers<\/strong>. <\/p>\n\n\n\n<p>De rivier, een zijrivier van de Lot, wordt begrensd door het aangename <strong>strand van Saint-G\u00e9ry-Vers<\/strong>. Een uitnodigend stuk gras, watervallen, een oude brug en ondiepe stukken water waar kinderen veilig kunnen spelen. <\/p>\n\n\n\n<p>In de buurt zijn er speeltuinen, een boulodrome en een snackbar. Zwemmers die wat meer diepte zoeken kunnen de brug oversteken om de oevers van de Lot te bereiken, bij de monding van de Vers. <\/p>\n<\/div>\n\n\n\n<div class=\"wp-block-column is-layout-flow wp-block-column-is-layout-flow\">\n<figure class=\"wp-block-image size-full is-resized\"><img alt=\"Plage rivi\u00e8re\" decoding=\"async\" width=\"2000\" height=\"1450\" src=\"https:\/\/masdenadal.com\/wp-content\/uploads\/2025\/01\/Plage-riviere.webp\" alt=\"\" class=\"wp-image-4135\" style=\"aspect-ratio:1;object-fit:cover;width:562px\" srcset=\"https:\/\/masdenadal.com\/wp-content\/uploads\/2025\/01\/Plage-riviere.webp 2000w, https:\/\/masdenadal.com\/wp-content\/uploads\/2025\/01\/Plage-riviere-300x218.webp 300w, https:\/\/masdenadal.com\/wp-content\/uploads\/2025\/01\/Plage-riviere-1024x742.webp 1024w, https:\/\/masdenadal.com\/wp-content\/uploads\/2025\/01\/Plage-riviere-768x557.webp 768w, https:\/\/masdenadal.com\/wp-content\/uploads\/2025\/01\/Plage-riviere-1536x1114.webp 1536w\" sizes=\"(max-width: 2000px) 100vw, 2000px\" \/><\/figure>\n<\/div>\n<\/div>\n<\/section>\n\n<section class=\"wp-block-group alignfull gt-home-fifth ter is-layout-flow wp-block-group-is-layout-flow\" style=\"margin-bottom:0px;padding-top:10rem;padding-right:0;padding-bottom:10rem;padding-left:0rem\">\n<div class=\"wp-block-group alignfull is-content-justification-center is-nowrap is-layout-flex wp-container-core-group-is-layout-51f8b3e1 wp-block-group-is-layout-flex\" style=\"margin-top:-200px;padding-right:0rem;padding-bottom:10rem;padding-left:0rem\">\n<figure class=\"wp-block-image size-full is-resized wp-container-content-f58ced2e wp-duotone-ffffff-ffffff-11\"><img alt=\"deco\" decoding=\"async\" width=\"2015\" height=\"28\" src=\"https:\/\/masdenadal.com\/wp-content\/uploads\/2024\/12\/deco-edited-1.webp\" alt=\"\" class=\"wp-image-792\" style=\"width:2000px\" srcset=\"https:\/\/masdenadal.com\/wp-content\/uploads\/2024\/12\/deco-edited-1.webp 2015w, https:\/\/masdenadal.com\/wp-content\/uploads\/2024\/12\/deco-edited-1-300x4.webp 300w, https:\/\/masdenadal.com\/wp-content\/uploads\/2024\/12\/deco-edited-1-1024x14.webp 1024w, https:\/\/masdenadal.com\/wp-content\/uploads\/2024\/12\/deco-edited-1-768x11.webp 768w, https:\/\/masdenadal.com\/wp-content\/uploads\/2024\/12\/deco-edited-1-1536x21.webp 1536w\" sizes=\"(max-width: 2015px) 100vw, 2015px\" \/><\/figure>\n<\/div>\n\n\n\n<div class=\"wp-block-group alignfull titre-decoratif has-global-padding is-content-justification-left is-layout-constrained wp-container-core-group-is-layout-0621f06a wp-block-group-is-layout-constrained\" style=\"margin-bottom:3rem;padding-top:3rem;padding-right:0px;padding-bottom:3rem;padding-left:0px\">\n<div class=\"wp-block-group alignfull first is-layout-flow wp-block-group-is-layout-flow\" style=\"padding-right:0px;padding-left:0px\">\n<p class=\"has-text-align-center has-marcellus-sc-font-family\" style=\"font-size:clamp(51.347px, 3.209rem + ((1vw - 3.2px) * 5.381), 103px);text-transform:uppercase\">Ontdek<\/p>\n<\/div>\n\n\n\n<div class=\"wp-block-group second is-vertical is-content-justification-center is-nowrap is-layout-flex wp-container-core-group-is-layout-de053ff4 wp-block-group-is-layout-flex\" style=\"margin-top:-40px\">\n<p class=\"has-text-align-center has-marcellus-sc-font-family\" style=\"font-size:clamp(36.08px, 2.255rem + ((1vw - 3.2px) * 3.117), 66px);line-height:1.1;text-transform:uppercase\">De Lot, zijn pelgrimspodium en lokale producten<\/p>\n\n\n\n<figure class=\"wp-block-image size-full is-resized\" style=\"margin-top:-1rem\"><img decoding=\"async\" width=\"488\" height=\"15\" src=\"https:\/\/masdenadal.com\/wp-content\/uploads\/2024\/11\/trait-craie.webp\" alt=\"krijtlijn\" class=\"wp-image-438\" style=\"width:435px\" srcset=\"https:\/\/masdenadal.com\/wp-content\/uploads\/2024\/11\/trait-craie.webp 488w, https:\/\/masdenadal.com\/wp-content\/uploads\/2024\/11\/trait-craie-300x9.webp 300w\" sizes=\"(max-width: 488px) 100vw, 488px\" \/><\/figure>\n<\/div>\n<\/div>\n\n\n\n<div class=\"wp-block-group is-layout-flow wp-block-group-is-layout-flow\" style=\"padding-right:var(--wp--preset--spacing--60);padding-left:var(--wp--preset--spacing--60)\">\n<div class=\"wp-block-query alignfull gt-is-slider gt-is-slider-desktop is-layout-flow wp-block-query-is-layout-flow\"><ul class=\"wp-block-post-template is-layout-grid wp-container-core-post-template-is-layout-c37e0d04 wp-block-post-template-is-layout-grid\"><li class=\"wp-block-post post-6382 page type-page status-publish has-post-thumbnail hentry\">\n\n<div class=\"wp-block-group overflow-hidden gt-maillage has-global-padding is-layout-constrained wp-block-group-is-layout-constrained\">\n<figure class=\"wp-block-image gt-maillage__image\"><img decoding=\"async\" src=\"https:\/\/masdenadal.com\/wp-content\/uploads\/2025\/01\/pelerins-du-chemin-de-santiago.webp\" alt=\"Pilgrims podium\" style=\"aspect-ratio:3\/4;object-fit:cover\"\/><\/figure>\n\n\n\n<div class=\"wp-block-group gt-maillage__title has-global-padding is-content-justification-center is-layout-constrained wp-container-core-group-is-layout-1a1d2b18 wp-block-group-is-layout-constrained\" style=\"border-bottom-color:var(--wp--preset--color--base);border-bottom-width:2px;padding-top:0.5rem;padding-bottom:0.5rem\">\n<p class=\"has-text-align-right has-base-color has-text-color has-link-color wp-elements-73c6c40f9dfc520c8d069128cf3eada1\" style=\"border-bottom-style:none;border-bottom-width:0px;font-size:clamp(0.875rem, 0.875rem + ((1vw - 0.2rem) * 0.708), 1.3rem);font-style:normal;font-weight:300;text-transform:uppercase\">Pilgrims podium<\/p>\n<\/div>\n\n\n<a class=\"is-style-lien-cover wp-block-read-more\" href=\"https:\/\/masdenadal.com\/nl\/camping-voor-pelgrims-en-wandelaars-in-de-lot\/\" target=\"_self\">Lees verder<span class=\"screen-reader-text\">: Pilgrims podium<\/span><\/a><\/div>\n\n<\/li><li class=\"wp-block-post post-6510 page type-page status-publish has-post-thumbnail hentry\">\n\n<div class=\"wp-block-group overflow-hidden gt-maillage has-global-padding is-layout-constrained wp-block-group-is-layout-constrained\">\n<figure class=\"wp-block-image gt-maillage__image\"><img decoding=\"async\" src=\"https:\/\/masdenadal.com\/wp-content\/uploads\/2024\/12\/visiter-le-lot.webp\" alt=\"Verken de kavel\" style=\"aspect-ratio:3\/4;object-fit:cover\"\/><\/figure>\n\n\n\n<div class=\"wp-block-group gt-maillage__title has-global-padding is-content-justification-center is-layout-constrained wp-container-core-group-is-layout-1a1d2b18 wp-block-group-is-layout-constrained\" style=\"border-bottom-color:var(--wp--preset--color--base);border-bottom-width:2px;padding-top:0.5rem;padding-bottom:0.5rem\">\n<p class=\"has-text-align-right has-base-color has-text-color has-link-color wp-elements-73c6c40f9dfc520c8d069128cf3eada1\" style=\"border-bottom-style:none;border-bottom-width:0px;font-size:clamp(0.875rem, 0.875rem + ((1vw - 0.2rem) * 0.708), 1.3rem);font-style:normal;font-weight:300;text-transform:uppercase\">Verken de kavel<\/p>\n<\/div>\n\n\n<a class=\"is-style-lien-cover wp-block-read-more\" href=\"https:\/\/masdenadal.com\/nl\/toeristische-lot\/\" target=\"_self\">Lees verder<span class=\"screen-reader-text\">: Verken de kavel<\/span><\/a><\/div>\n\n<\/li><li class=\"wp-block-post post-6334 page type-page status-publish has-post-thumbnail hentry\">\n\n<div class=\"wp-block-group overflow-hidden gt-maillage has-global-padding is-layout-constrained wp-block-group-is-layout-constrained\">\n<figure class=\"wp-block-image gt-maillage__image\"><img decoding=\"async\" src=\"https:\/\/masdenadal.com\/wp-content\/uploads\/2025\/01\/produits-locaux-terroir-lot.webp\" alt=\"Lokale producten\" style=\"aspect-ratio:3\/4;object-fit:cover\"\/><\/figure>\n\n\n\n<div class=\"wp-block-group gt-maillage__title has-global-padding is-content-justification-center is-layout-constrained wp-container-core-group-is-layout-1a1d2b18 wp-block-group-is-layout-constrained\" style=\"border-bottom-color:var(--wp--preset--color--base);border-bottom-width:2px;padding-top:0.5rem;padding-bottom:0.5rem\">\n<p class=\"has-text-align-right has-base-color has-text-color has-link-color wp-elements-73c6c40f9dfc520c8d069128cf3eada1\" style=\"border-bottom-style:none;border-bottom-width:0px;font-size:clamp(0.875rem, 0.875rem + ((1vw - 0.2rem) * 0.708), 1.3rem);font-style:normal;font-weight:300;text-transform:uppercase\">Lokale producten<\/p>\n<\/div>\n\n\n<a class=\"is-style-lien-cover wp-block-read-more\" href=\"https:\/\/masdenadal.com\/nl\/lokale-producten-lot\/\" target=\"_self\">Lees verder<span class=\"screen-reader-text\">: Lokale producten<\/span><\/a><\/div>\n\n<\/li><\/ul><\/div>\n<\/div>\n<\/section>\n","protected":false},"excerpt":{"rendered":"<p>De mooiste rivierstranden in de Lot De landschappen van de Lot worden gevormd door kleine en grote valleien, op de bodem waarvan verfrissende rivieren meanderen. Hun meanders volgen de contouren van het land, met zijn groene heuvels en hoge kalkstenen kliffen. Aan de oevers van de Lot, C\u00e9l\u00e9, Ouysse en Vers nodigen intieme of familiestrandjes [&hellip;]<\/p>\n","protected":false},"author":1,"featured_media":4636,"parent":0,"menu_order":0,"comment_status":"closed","ping_status":"closed","template":"","meta":{"_acf_changed":false,"_seopress_robots_primary_cat":"","_seopress_titles_title":"Explorez les plages de rivi\u00e8res pr\u00e8s de Saint-Cirq-Lapopie","_seopress_titles_desc":"D\u00e9couvrez le plaisir de la baignade au bord de plages de rivi\u00e8res dans le Lot, entour\u00e9 d\u2019une nature luxuriante et dans une eau pure : notre s\u00e9lection des plus beaux spots !","_seopress_robots_index":"","_gt_ctv_global_id":"","_gt_ctv_id_group":false,"inline_featured_image":false,"gt_fse_maillage_image":"https:\/\/masdenadal.com\/wp-content\/uploads\/2025\/01\/lodges-mas-de-nadal-plage-riviere-1874-x-262-px.webp","gt_fse_maillage_titre":"Rivierstranden","gt_fse_maillage_alt":"Rivierstranden","gt_fse_maillage_resume":"","footnotes":""},"categories":[],"tags":[],"class_list":["post-6297","page","type-page","status-publish","has-post-thumbnail","hentry"],"acf":[],"_links":{"self":[{"href":"https:\/\/masdenadal.com\/nl\/wp-json\/wp\/v2\/pages\/6297","targetHints":{"allow":["GET"]}}],"collection":[{"href":"https:\/\/masdenadal.com\/nl\/wp-json\/wp\/v2\/pages"}],"about":[{"href":"https:\/\/masdenadal.com\/nl\/wp-json\/wp\/v2\/types\/page"}],"author":[{"embeddable":true,"href":"https:\/\/masdenadal.com\/nl\/wp-json\/wp\/v2\/users\/1"}],"replies":[{"embeddable":true,"href":"https:\/\/masdenadal.com\/nl\/wp-json\/wp\/v2\/comments?post=6297"}],"version-history":[{"count":4,"href":"https:\/\/masdenadal.com\/nl\/wp-json\/wp\/v2\/pages\/6297\/revisions"}],"predecessor-version":[{"id":7215,"href":"https:\/\/masdenadal.com\/nl\/wp-json\/wp\/v2\/pages\/6297\/revisions\/7215"}],"wp:featuredmedia":[{"embeddable":true,"href":"https:\/\/masdenadal.com\/nl\/wp-json\/wp\/v2\/media\/4636"}],"wp:attachment":[{"href":"https:\/\/masdenadal.com\/nl\/wp-json\/wp\/v2\/media?parent=6297"}],"wp:term":[{"taxonomy":"category","embeddable":true,"href":"https:\/\/masdenadal.com\/nl\/wp-json\/wp\/v2\/categories?post=6297"},{"taxonomy":"post_tag","embeddable":true,"href":"https:\/\/masdenadal.com\/nl\/wp-json\/wp\/v2\/tags?post=6297"}],"curies":[{"name":"wp","href":"https:\/\/api.w.org\/{rel}","templated":true}]}}