{"id":6525,"date":"2024-11-21T13:06:13","date_gmt":"2024-11-21T13:06:13","guid":{"rendered":"https:\/\/masdenadal.com\/activites-sportives-lot\/"},"modified":"2025-01-27T09:19:45","modified_gmt":"2025-01-27T09:19:45","slug":"sportliche-aktivitaten-lot","status":"publish","type":"page","link":"https:\/\/masdenadal.com\/de\/sportliche-aktivitaten-lot\/","title":{"rendered":"Ein Paradies f\u00fcr Sportler"},"content":{"rendered":"\n<section class=\"wp-block-group alignfull gt-home-first overflow-hidden has-base-2-background-color has-background is-layout-flow wp-block-group-is-layout-flow\" style=\"padding-top:7rem\">\n<div class=\"wp-block-columns gt-main-group is-layout-flex wp-container-core-columns-is-layout-fcaf547a wp-block-columns-is-layout-flex\" style=\"padding-right:var(--wp--preset--spacing--60);padding-left:var(--wp--preset--spacing--60)\">\n<div class=\"wp-block-column is-layout-flow wp-block-column-is-layout-flow\" style=\"flex-basis:55%\">\n<figure class=\"wp-block-image size-full is-resized img-parallax\"><a href=\"https:\/\/masdenadal.com\/wp-content\/uploads\/2025\/01\/escalade-lot.webp\"><img decoding=\"async\" width=\"562\" height=\"750\" src=\"https:\/\/masdenadal.com\/wp-content\/uploads\/2025\/01\/escalade-lot.webp\" alt=\"Klettern Los\" class=\"wp-image-2887\" style=\"aspect-ratio:1;object-fit:cover;width:562px\" srcset=\"https:\/\/masdenadal.com\/wp-content\/uploads\/2025\/01\/escalade-lot.webp 562w, https:\/\/masdenadal.com\/wp-content\/uploads\/2025\/01\/escalade-lot-225x300.webp 225w\" sizes=\"(max-width: 562px) 100vw, 562px\" \/><\/a><\/figure>\n<\/div>\n\n\n\n<div class=\"wp-block-column is-vertically-aligned-top has-base-color has-text-color has-link-color wp-elements-fe966271df3c2f990726b64bb562f3ae is-layout-flow wp-block-column-is-layout-flow\" style=\"padding-top:var(--wp--preset--spacing--40);flex-basis:45%\">\n<div class=\"wp-block-group is-layout-flow wp-block-group-is-layout-flow\">\n<figure class=\"wp-block-image size-full is-resized gt-illustration__vague animated fadeInLeft delay-100ms slow wp-duotone-d89b46-d89b46-1\" style=\"margin-bottom:-10rem;margin-left:-10rem\"><img decoding=\"async\" src=\"https:\/\/masdenadal.com\/wp-content\/uploads\/2024\/12\/vagues.svg\" alt=\"Wellen\" class=\"wp-image-630\" style=\"width:300px\"\/><\/figure>\n\n\n\n<h1 class=\"wp-block-heading has-base-color has-text-color has-link-color wp-elements-155c5fcca7633134457e7e3d7501bbf5\">Sportliche Aktivit\u00e4ten in Lot<\/h1>\n<\/div>\n\n\n\n<div style=\"height:2rem\" aria-hidden=\"true\" class=\"wp-block-spacer gt-show-mobile\"><\/div>\n\n\n\n<p>Als Gebiet mit weiten Landschaften und gesch\u00fctzter Natur ist die Region Lothringen ein beliebtes Reiseziel. <strong><a href=\"https:\/\/masdenadal.com\/de\/\" data-type=\"page\" data-id=\"5\">Lot<\/a><\/strong> ist ein <strong>ideales Reiseziel f\u00fcr Outdoor-Sport und &#8211;<\/strong>Freizeit. <\/p>\n\n\n\n<p>Entdecken Sie das breite Spektrum an Aktivit\u00e4ten, die Sie rund um Ihren Campingplatz Mas de Nadal in der N\u00e4he von <strong><a href=\"https:\/\/masdenadal.com\/de\/tourismus-saint-cirq-lapopie\/\" data-type=\"page\" data-id=\"2186\">Saint-Cirq-Lapopie<\/a><\/strong>. <\/p>\n\n\n\n<p>Zu Land oder zu Wasser, zu Fu\u00df, mit dem Fahrrad oder auf dem Pferd <strong><a href=\"https:\/\/masdenadal.com\/de\/camping-dienstleistungen-lot\/#label-accueil-cheval\" data-type=\"page\" data-id=\"7\">cheval<\/a><\/strong>Bereiten Sie Ihren Aufenthalt in diesem Paradies f\u00fcr Sportler vor! <\/p>\n<\/div>\n<\/div>\n\n\n\n<figure class=\"wp-block-image alignright size-full is-resized wp-duotone-unset-2\" style=\"margin-top:-16rem;margin-right:-15rem;margin-bottom:-10rem\"><img decoding=\"async\" src=\"https:\/\/masdenadal.com\/wp-content\/uploads\/2024\/12\/symbole-logo.svg\" alt=\"Symbol Logo\" class=\"wp-image-1929\" style=\"object-fit:cover;width:600px;height:600px\"\/><\/figure>\n\n\n\n<div class=\"wp-block-group alignfull gt-illustrations-deco has-global-padding is-layout-constrained wp-container-core-group-is-layout-899e4275 wp-block-group-is-layout-constrained\" style=\"margin-top:-54rem;padding-top:0rem;padding-right:0px;padding-bottom:0rem;padding-left:0px\">\n<figure class=\"wp-block-image size-full\" style=\"margin-left:-160px\"><img decoding=\"async\" src=\"https:\/\/masdenadal.com\/wp-content\/uploads\/2024\/12\/pointillers.svg\" alt=\"Pointillers\" class=\"wp-image-573\"\/><\/figure>\n<\/div>\n<\/section>\n\n<section class=\"wp-block-group alignfull gt-home-second is-layout-flow wp-block-group-is-layout-flow\" style=\"margin-top:0px;padding-top:0px\">\n<svg xmlns=\"http:\/\/www.w3.org\/2000\/svg\" id=\"Calque_1\" version=\"1.1\" viewbox=\"0 0 151.7 147.8\" height=\"0\" width:=\"\">\n    <defs>\n    <clippath id=\"myClip\">\n  <!-- Generator: Adobe Illustrator 29.1.0, SVG Export Plug-In . SVG Version: 2.1.0 Build 142) -->\n  <path d=\"M7.7,73.1s2.9-.2,7.2-5.5,14-16.7,23.6-16.8,15.2,3.7,19.5,6.9,4.5,3.4,4.5,3.4c0,0-3.5-6.1-6.4-10.6s-5-14.2-1.2-21.7,12.3-13.3,16.1-17.4,4-5.8,4-5.8c0,0,1.2,3.8,4.4,6.2s17.2,13.6,17.8,23.5c.6,9.9-3.9,17.1-8.5,23.1,0,0,12.6-9.7,22.1-8.4s13.3,6.2,17.2,9.7c3.9,3.6,8.9,10.1,13.7,13.3,0,0-5.2,2.9-13.7,12.5-8.5,9.6-14.4,9.8-19.8,9.8s-19.4-7.1-21.6-8.4c0,0,13,8.7,9.8,24.9-2.7,13.2-16.5,16.5-22,28,0,0-1.3-3.8-7.7-9-6.4-5.2-14.4-12.9-15.1-22.2s6.5-18.4,10.1-22.2c0,0-9.9,8.2-19.7,8.8s-15.8-4.6-20.9-9.8-8.3-10.1-13.4-12.4Z\"><\/path>\n          <\/clippath>\n  <\/defs>\n<\/svg>\n\n\n\n<div class=\"wp-block-cover gt-home-second__image\" style=\"margin-top:-22px;padding-top:0px;min-height:100vh;aspect-ratio:unset;\"><span aria-hidden=\"true\" class=\"wp-block-cover__background has-background-dim-10 has-background-dim wp-block-cover__gradient-background has-background-gradient\" style=\"background:linear-gradient(0deg,rgb(0,0,0) 21%,rgba(0,0,0,0) 73%)\"><\/span><img decoding=\"async\" width=\"1920\" height=\"670\" class=\"wp-block-cover__image-background wp-image-2913\" alt=\"vue panoramiqe rocamadour\" src=\"https:\/\/masdenadal.com\/wp-content\/uploads\/2025\/01\/vue-panoramiqe-rocamadour.webp\" data-object-fit=\"cover\" srcset=\"https:\/\/masdenadal.com\/wp-content\/uploads\/2025\/01\/vue-panoramiqe-rocamadour.webp 1920w, https:\/\/masdenadal.com\/wp-content\/uploads\/2025\/01\/vue-panoramiqe-rocamadour-300x105.webp 300w, https:\/\/masdenadal.com\/wp-content\/uploads\/2025\/01\/vue-panoramiqe-rocamadour-1024x357.webp 1024w, https:\/\/masdenadal.com\/wp-content\/uploads\/2025\/01\/vue-panoramiqe-rocamadour-768x268.webp 768w, https:\/\/masdenadal.com\/wp-content\/uploads\/2025\/01\/vue-panoramiqe-rocamadour-1536x536.webp 1536w\" sizes=\"(max-width: 1920px) 100vw, 1920px\" \/><div class=\"wp-block-cover__inner-container is-layout-flow wp-block-cover-is-layout-flow\">\n<div class=\"wp-block-group alignfull titre-decoratif has-global-padding is-layout-constrained wp-container-core-group-is-layout-2a09996c wp-block-group-is-layout-constrained\" style=\"padding-top:3rem;padding-right:0px;padding-bottom:3rem;padding-left:0px\">\n<div class=\"wp-block-group is-layout-flow wp-block-group-is-layout-flow\" style=\"padding-right:0px;padding-left:0px\">\n<p class=\"has-text-align-center has-marcellus-sc-font-family\" style=\"font-size:clamp(51.347px, 3.209rem + ((1vw - 3.2px) * 5.381), 103px);text-transform:uppercase\">Der Geist<\/p>\n<\/div>\n\n\n\n<div class=\"wp-block-group is-vertical is-content-justification-center is-nowrap is-layout-flex wp-container-core-group-is-layout-de053ff4 wp-block-group-is-layout-flex\" style=\"margin-top:-40px\">\n<p class=\"has-text-align-center has-marcellus-sc-font-family\" style=\"font-size:clamp(36.08px, 2.255rem + ((1vw - 3.2px) * 3.117), 66px);line-height:1.1;text-transform:uppercase\">Glamping<\/p>\n\n\n\n<figure class=\"wp-block-image size-full is-resized\" style=\"margin-top:-1rem\"><img decoding=\"async\" width=\"488\" height=\"15\" src=\"https:\/\/masdenadal.com\/wp-content\/uploads\/2024\/11\/trait-craie.webp\" alt=\"Kreidestrich\" class=\"wp-image-438\" style=\"width:435px\" srcset=\"https:\/\/masdenadal.com\/wp-content\/uploads\/2024\/11\/trait-craie.webp 488w, https:\/\/masdenadal.com\/wp-content\/uploads\/2024\/11\/trait-craie-300x9.webp 300w\" sizes=\"(max-width: 488px) 100vw, 488px\" \/><\/figure>\n<\/div>\n<\/div>\n\n\n\n<p class=\"has-text-align-center has-large-font-size\"><\/p>\n<\/div><\/div>\n<\/section>\n\n<section class=\"wp-block-group alignfull overflow-hidden gt-page-second has-contrast-2-background-color has-background is-layout-flow wp-block-group-is-layout-flow\" style=\"margin-top:0px;padding-top:10rem;padding-right:var(--wp--preset--spacing--60);padding-bottom:10rem;padding-left:var(--wp--preset--spacing--60)\">\n<div class=\"wp-block-columns is-layout-flex wp-container-core-columns-is-layout-428e6669 wp-block-columns-is-layout-flex\">\n<div class=\"wp-block-column has-base-color has-text-color has-link-color wp-elements-4490655579b57e75a051fde767648cd4 is-layout-flow wp-block-column-is-layout-flow\" style=\"padding-top:0;flex-basis:45%\">\n<div class=\"wp-block-group has-global-padding is-layout-constrained wp-block-group-is-layout-constrained\" style=\"margin-bottom:0\">\n<h2 class=\"wp-block-heading has-base-color has-text-color has-link-color wp-elements-df91607e7f73a5f796321b33d97e6d9b\">Aktivit\u00e4ten in nat\u00fcrlichen Gew\u00e4ssern in der N\u00e4he von Saint-Cirq-Lapopie<\/h2>\n\n\n\n<figure class=\"wp-block-image size-full is-resized gt-illustration__vague animated fadeInLeft delay-100ms slow wp-duotone-d89b46-6b5437-3\" style=\"margin-top:-6rem;margin-left:-10rem\"><img decoding=\"async\" src=\"https:\/\/masdenadal.com\/wp-content\/uploads\/2024\/12\/vagues.svg\" alt=\"Wellen\" class=\"wp-image-630\" style=\"width:300px\"\/><\/figure>\n<\/div>\n\n\n\n<p>Das <strong>C\u00e9l\u00e9-Tal<\/strong> bietet Ihnen im Sommer eine <strong>Vielzahl von erfrischenden Aktivit\u00e4ten<\/strong>: von einfachen Spazierg\u00e4ngen und Picknicks am Flussufer bis hin zu Kanu- und Kajakfahrten. <\/p>\n\n\n\n<p>Von den <strong><a href=\"https:\/\/masdenadal.com\/de\/straende-fluesse-lot\/\" data-type=\"page\" data-id=\"2191\">Flussstr\u00e4nde <\/a><\/strong>Die <strong>kleinen, intimen Buchten<\/strong> laden Sie zu einer Siesta ein, die durch Schwimmen unterbrochen wird.<\/p>\n\n\n\n<p>Wenn Sie sich lieber f\u00fchren lassen m\u00f6chten, k\u00f6nnen Sie auch <strong>an Bord einer Gabare<\/strong> gehen, um eine kleine, kommentierte Kreuzfahrt zu unternehmen. <\/p>\n\n\n\n<p>Sie f\u00fchrt Sie entlang der Weinberge, am Fu\u00dfe der denkmalgesch\u00fctzten Stadt Saint-Cirq-Lapopie oder unter der Valentr\u00e9-Br\u00fccke in <strong><a href=\"https:\/\/masdenadal.com\/de\/tourismus-cahors\/\" data-type=\"page\" data-id=\"2297\">Cahors<\/a><\/strong> hindurch.<\/p>\n<\/div>\n\n\n\n<div class=\"wp-block-column is-layout-flow wp-block-column-is-layout-flow\" style=\"flex-basis:55%\">\n<figure class=\"wp-block-image size-full is-resized\"><a href=\"https:\/\/masdenadal.com\/wp-content\/uploads\/2025\/01\/faire-du-canoe-dans-le-lot.webp\"><img decoding=\"async\" width=\"562\" height=\"750\" src=\"https:\/\/masdenadal.com\/wp-content\/uploads\/2025\/01\/faire-du-canoe-dans-le-lot.webp\" alt=\"Kanufahren im Lot\" class=\"wp-image-2874\" style=\"aspect-ratio:1;object-fit:cover;width:562px\" srcset=\"https:\/\/masdenadal.com\/wp-content\/uploads\/2025\/01\/faire-du-canoe-dans-le-lot.webp 562w, https:\/\/masdenadal.com\/wp-content\/uploads\/2025\/01\/faire-du-canoe-dans-le-lot-225x300.webp 225w\" sizes=\"(max-width: 562px) 100vw, 562px\" \/><\/a><\/figure>\n<\/div>\n<\/div>\n\n\n\n<figure class=\"wp-block-image alignright size-full gt-image-pointille z-index wp-duotone-6b5437-453a39-4\" style=\"margin-top:-525px;margin-right:-150px\"><img decoding=\"async\" width=\"722\" height=\"673\" src=\"https:\/\/masdenadal.com\/wp-content\/uploads\/2024\/12\/palmier-edited.webp\" alt=\"Palme\" class=\"wp-image-1971\" srcset=\"https:\/\/masdenadal.com\/wp-content\/uploads\/2024\/12\/palmier-edited.webp 722w, https:\/\/masdenadal.com\/wp-content\/uploads\/2024\/12\/palmier-edited-300x280.webp 300w\" sizes=\"(max-width: 722px) 100vw, 722px\" \/><\/figure>\n<\/section>\n\n<section class=\"wp-block-group alignfull gt-home-fifth ter is-layout-flow wp-block-group-is-layout-flow\" style=\"margin-bottom:0px;padding-top:10rem;padding-right:var(--wp--preset--spacing--60);padding-bottom:10rem;padding-left:var(--wp--preset--spacing--60)\">\n<div class=\"wp-block-group alignfull deco-wrapper has-global-padding is-layout-constrained wp-container-core-group-is-layout-c774a85c wp-block-group-is-layout-constrained\" style=\"margin-top:-200px;padding-right:0rem;padding-bottom:10rem;padding-left:0rem\">\n<figure class=\"wp-block-image alignfull size-full deco wp-container-content-f58ced2e wp-duotone-ffffff-ffffff-5\"><img alt=\"deco\" decoding=\"async\" width=\"2015\" height=\"28\" src=\"https:\/\/masdenadal.com\/wp-content\/uploads\/2024\/12\/deco-edited-1.webp\" alt=\"\" class=\"wp-image-792\" srcset=\"https:\/\/masdenadal.com\/wp-content\/uploads\/2024\/12\/deco-edited-1.webp 2015w, https:\/\/masdenadal.com\/wp-content\/uploads\/2024\/12\/deco-edited-1-300x4.webp 300w, https:\/\/masdenadal.com\/wp-content\/uploads\/2024\/12\/deco-edited-1-1024x14.webp 1024w, https:\/\/masdenadal.com\/wp-content\/uploads\/2024\/12\/deco-edited-1-768x11.webp 768w, https:\/\/masdenadal.com\/wp-content\/uploads\/2024\/12\/deco-edited-1-1536x21.webp 1536w\" sizes=\"(max-width: 2015px) 100vw, 2015px\" \/><\/figure>\n<\/div>\n\n\n\n<div class=\"wp-block-columns is-layout-flex wp-container-core-columns-is-layout-0b70d401 wp-block-columns-is-layout-flex\">\n<div class=\"wp-block-column is-layout-flow wp-block-column-is-layout-flow\">\n<figure class=\"wp-block-image size-full is-resized\"><a href=\"https:\/\/masdenadal.com\/wp-content\/uploads\/2025\/01\/randonnee-tourisme-lot.webp\"><img decoding=\"async\" width=\"562\" height=\"750\" src=\"https:\/\/masdenadal.com\/wp-content\/uploads\/2025\/01\/randonnee-tourisme-lot.webp\" alt=\"wandern tourismus lot\" class=\"wp-image-2878\" style=\"aspect-ratio:1;object-fit:cover;width:562px\" srcset=\"https:\/\/masdenadal.com\/wp-content\/uploads\/2025\/01\/randonnee-tourisme-lot.webp 562w, https:\/\/masdenadal.com\/wp-content\/uploads\/2025\/01\/randonnee-tourisme-lot-225x300.webp 225w\" sizes=\"(max-width: 562px) 100vw, 562px\" \/><\/a><\/figure>\n<\/div>\n\n\n\n<div class=\"wp-block-column is-layout-flow wp-block-column-is-layout-flow\" style=\"padding-top:var(--wp--preset--spacing--40)\">\n<div class=\"wp-block-group is-layout-flow wp-block-group-is-layout-flow\">\n<h2 class=\"wp-block-heading\">Die Region zu Fu\u00df erkunden<\/h2>\n\n\n\n<figure class=\"wp-block-image size-full is-resized gt-illustration__vague animated fadeInLeft delay-100ms slow wp-duotone-d89b46-d89b46-6\" style=\"margin-top:-6rem;margin-left:-10rem\"><img decoding=\"async\" src=\"https:\/\/masdenadal.com\/wp-content\/uploads\/2024\/12\/vagues.svg\" alt=\"Wellen\" class=\"wp-image-630\" style=\"width:300px\"\/><\/figure>\n<\/div>\n\n\n\n<p>Der <strong>Naturpark Causses du Quercy<\/strong> ist ein Paradies f\u00fcr Wanderer mit einem Netz von Wanderwegen und gesch\u00fctzten Landschaften und bietet Ihnen sportliche Spazierg\u00e4nge und Wanderungen f\u00fcr jedes Niveau.<\/p>\n\n\n\n<p>Durch Lot verl\u00e4uft auch die <strong>mythische Via Podiensis, die nach Compostela f\u00fchrt<\/strong>. Die <strong><a href=\"https:\/\/masdenadal.com\/de\/camping-fuer-pilge-und-wanderer-im-lot\/\" data-type=\"page\" data-id=\"8\">Pilger und Wanderer.<\/a><\/strong> und passionierte Pilger nutzen gerne die Variante durch das C\u00e9l\u00e9-Tal, die bis nach Saint-Cirq-Lapopie f\u00fchrt. Treten Sie in ihre Fu\u00dfstapfen und wandern Sie entlang dieser<strong> historischen Routen<\/strong>!  <\/p>\n\n\n\n<p>Vom Campingplatz aus oder in unmittelbarer N\u00e4he gibt es noch viele weitere Wanderwege. Sie f\u00fchren Sie zum <strong>Dorf Vieux Sauliac<\/strong> und auf den von Trockenmauern ges\u00e4umten Wegen.  <\/p>\n\n\n\n<p>F\u00fcr noch mehr Nervenkitzel k\u00f6nnen Sie auch die <strong> Klettersteige in der Umgebung entdecken, die nur 10 Minuten mit dem Auto entfernt sind<\/strong>.<\/p>\n<\/div>\n<\/div>\n<\/section>\n\n<section class=\"wp-block-group alignfull gt-home-sixth has-contrast-background-color has-background is-layout-flow wp-block-group-is-layout-flow\" style=\"margin-top:0px;margin-bottom:0px;padding-top:14rem;padding-right:var(--wp--preset--spacing--60);padding-bottom:14rem;padding-left:var(--wp--preset--spacing--60)\">\n<div class=\"wp-block-group alignfull gt-no-padding-mobile is-layout-flow wp-block-group-is-layout-flow\">\n<div data-swiper=\"{&quot;speed&quot;:400,&quot;spaceBetween&quot;:&quot;0&quot;,&quot;slidesPerView&quot;:1,&quot;createElements&quot;:true,&quot;loop&quot;:true,&quot;freemode&quot;:true,&quot;pagination&quot;:{&quot;el&quot;:&quot;.swiper-pagination&quot;,&quot;dynamicBullets&quot;:true},&quot;breakpoints&quot;:[{&quot;slidesPerView&quot;:1}],&quot;navigation&quot;:false,&quot;autoplay&quot;:{&quot;delay&quot;:&quot;2000&quot;}}\" class=\"wp-block-group alignfull gt-is-slider gt-is-slider-desktop is-layout-grid wp-container-core-group-is-layout-478b6e6b wp-block-group-is-layout-grid\">\n<div class=\"wp-block-cover alignwide gt-cover-parallax-up\" style=\"min-height:100vh;aspect-ratio:unset;\"><span aria-hidden=\"true\" class=\"wp-block-cover__background has-accent-5-background-color has-background-dim-0 has-background-dim\"><\/span><img decoding=\"async\" width=\"1530\" height=\"1020\" class=\"wp-block-cover__image-background wp-image-2891\" alt=\"balade a velo pont de cahors\" src=\"https:\/\/masdenadal.com\/wp-content\/uploads\/2025\/01\/balade-a-velo-pont-de-cahors.webp\" data-object-fit=\"cover\" srcset=\"https:\/\/masdenadal.com\/wp-content\/uploads\/2025\/01\/balade-a-velo-pont-de-cahors.webp 1530w, https:\/\/masdenadal.com\/wp-content\/uploads\/2025\/01\/balade-a-velo-pont-de-cahors-300x200.webp 300w, https:\/\/masdenadal.com\/wp-content\/uploads\/2025\/01\/balade-a-velo-pont-de-cahors-1024x683.webp 1024w, https:\/\/masdenadal.com\/wp-content\/uploads\/2025\/01\/balade-a-velo-pont-de-cahors-768x512.webp 768w\" sizes=\"(max-width: 1530px) 100vw, 1530px\" \/><div class=\"wp-block-cover__inner-container is-layout-flow wp-block-cover-is-layout-flow\">\n<p class=\"has-text-align-center has-large-font-size\"><\/p>\n<\/div><\/div>\n\n\n\n<div class=\"wp-block-cover alignwide gt-cover-parallax-up\" style=\"min-height:100vh;aspect-ratio:unset;\"><span aria-hidden=\"true\" class=\"wp-block-cover__background has-accent-5-background-color has-background-dim-0 has-background-dim\"><\/span><img decoding=\"async\" width=\"1530\" height=\"1020\" class=\"wp-block-cover__image-background wp-image-2894\" alt=\"balade a velo lot\" src=\"https:\/\/masdenadal.com\/wp-content\/uploads\/2025\/01\/balade-a-velo-lot.webp\" data-object-fit=\"cover\" srcset=\"https:\/\/masdenadal.com\/wp-content\/uploads\/2025\/01\/balade-a-velo-lot.webp 1530w, https:\/\/masdenadal.com\/wp-content\/uploads\/2025\/01\/balade-a-velo-lot-300x200.webp 300w, https:\/\/masdenadal.com\/wp-content\/uploads\/2025\/01\/balade-a-velo-lot-1024x683.webp 1024w, https:\/\/masdenadal.com\/wp-content\/uploads\/2025\/01\/balade-a-velo-lot-768x512.webp 768w\" sizes=\"(max-width: 1530px) 100vw, 1530px\" \/><div class=\"wp-block-cover__inner-container is-layout-flow wp-block-cover-is-layout-flow\">\n<p class=\"has-text-align-center has-large-font-size\"><\/p>\n<\/div><\/div>\n\n\n\n<div class=\"wp-block-cover alignwide is-light gt-cover-parallax-up\" style=\"min-height:100vh;aspect-ratio:unset;\"><span aria-hidden=\"true\" class=\"wp-block-cover__background has-accent-5-background-color has-background-dim-0 has-background-dim\"><\/span><img decoding=\"async\" width=\"1530\" height=\"1020\" class=\"wp-block-cover__image-background wp-image-2900\" alt=\"promenade en velo lot\" src=\"https:\/\/masdenadal.com\/wp-content\/uploads\/2025\/01\/promenade-en-velo-lot.webp\" data-object-fit=\"cover\" srcset=\"https:\/\/masdenadal.com\/wp-content\/uploads\/2025\/01\/promenade-en-velo-lot.webp 1530w, https:\/\/masdenadal.com\/wp-content\/uploads\/2025\/01\/promenade-en-velo-lot-300x200.webp 300w, https:\/\/masdenadal.com\/wp-content\/uploads\/2025\/01\/promenade-en-velo-lot-1024x683.webp 1024w, https:\/\/masdenadal.com\/wp-content\/uploads\/2025\/01\/promenade-en-velo-lot-768x512.webp 768w\" sizes=\"(max-width: 1530px) 100vw, 1530px\" \/><div class=\"wp-block-cover__inner-container is-layout-flow wp-block-cover-is-layout-flow\">\n<p class=\"has-text-align-center has-large-font-size\"><\/p>\n<\/div><\/div>\n<\/div>\n\n\n\n<div class=\"wp-block-group alignfull is-layout-flow wp-block-group-is-layout-flow\" style=\"padding-right:0rem;padding-left:0rem\">\n<div class=\"wp-block-columns is-layout-flex wp-container-core-columns-is-layout-28f84493 wp-block-columns-is-layout-flex\">\n<div class=\"wp-block-column is-layout-flow wp-block-column-is-layout-flow\"><\/div>\n\n\n\n<div class=\"wp-block-column is-layout-flow wp-block-column-is-layout-flow\" style=\"padding-top:var(--wp--preset--spacing--40)\">\n<div class=\"wp-block-group content has-contrast-background-color has-background is-layout-flow wp-block-group-is-layout-flow\" style=\"margin-top:-48rem;padding-top:4rem;padding-bottom:4rem;padding-left:7rem\">\n<div class=\"wp-block-group is-layout-flow wp-block-group-is-layout-flow\">\n<h2 class=\"wp-block-heading has-base-color has-text-color has-link-color wp-elements-698a7377786c05d66d7d1dce72757227\">Mit dem Fahrrad auf den Stra\u00dfen von Lot<\/h2>\n\n\n\n<figure class=\"wp-block-image size-full is-resized gt-illustration__vague animated fadeInLeft delay-100ms slow wp-duotone-d89b46-6b5437-7\" style=\"margin-top:-6rem;margin-left:-10rem\"><img decoding=\"async\" src=\"https:\/\/masdenadal.com\/wp-content\/uploads\/2024\/12\/vagues.svg\" alt=\"Wellen\" class=\"wp-image-630\" style=\"width:300px\"\/><\/figure>\n<\/div>\n\n\n\n<div class=\"wp-block-group has-base-color has-text-color has-link-color wp-elements-8e4e1081f6ae49136286acd52bc153f7 is-layout-flow wp-block-group-is-layout-flow\">\n<p>Die Fernwanderwege und Pfade rund um Mas de Nadal <strong>k\u00f6nnen mit dem Fahrrad befahren<\/strong> werden. <strong>Mountainbikefahrer<\/strong> haben eine gro\u00dfe Auswahl an Routen, die sie w\u00e4hrend ihres Aufenthalts erkunden k\u00f6nnen. <\/p>\n\n\n\n<p>Auch auf den kleinen Landstra\u00dfen gibt es ausgeschilderte Routen, die Sie zu kurzen oder langen Radtouren einladen. In der N\u00e4he des Campingplatzes k\u00f6nnen Sie<strong> klassische oder elektrische Fahrr\u00e4der mieten<\/strong>.  <\/p>\n<\/div>\n<\/div>\n<\/div>\n<\/div>\n<\/div>\n<\/div>\n\n\n\n<figure data-gt-animation-speed=\"100\" data-gt-animation-delay=\"20\" class=\"wp-block-image alignright size-large is-resized gt-image-pointille gt-gsap-parallaxDown wp-duotone-58595b-ffffff-8\" style=\"margin-top:-23rem;margin-right:31rem\"><img decoding=\"async\" width=\"1024\" height=\"803\" src=\"https:\/\/masdenadal.com\/wp-content\/uploads\/2024\/12\/branche-1024x803.webp\" alt=\"Zweig\" class=\"wp-image-1284\" style=\"width:606px\" srcset=\"https:\/\/masdenadal.com\/wp-content\/uploads\/2024\/12\/branche-1024x803.webp 1024w, https:\/\/masdenadal.com\/wp-content\/uploads\/2024\/12\/branche-300x235.webp 300w, https:\/\/masdenadal.com\/wp-content\/uploads\/2024\/12\/branche-768x602.webp 768w, https:\/\/masdenadal.com\/wp-content\/uploads\/2024\/12\/branche.webp 1157w\" sizes=\"(max-width: 1024px) 100vw, 1024px\" \/><\/figure>\n<\/section>\n\n<section class=\"wp-block-group alignfull gt-home-fifth ter is-layout-flow wp-block-group-is-layout-flow\" style=\"margin-bottom:0px;padding-top:10rem;padding-right:0;padding-bottom:10rem;padding-left:0rem\">\n<div class=\"wp-block-group alignfull deco-wrapper has-global-padding is-layout-constrained wp-container-core-group-is-layout-c774a85c wp-block-group-is-layout-constrained\" style=\"margin-top:-200px;padding-right:0rem;padding-bottom:10rem;padding-left:0rem\">\n<figure class=\"wp-block-image alignfull size-full deco wp-container-content-f58ced2e wp-duotone-ffffff-ffffff-9\"><img alt=\"deco\" decoding=\"async\" width=\"2015\" height=\"28\" src=\"https:\/\/masdenadal.com\/wp-content\/uploads\/2024\/12\/deco-edited-1.webp\" alt=\"\" class=\"wp-image-792\" srcset=\"https:\/\/masdenadal.com\/wp-content\/uploads\/2024\/12\/deco-edited-1.webp 2015w, https:\/\/masdenadal.com\/wp-content\/uploads\/2024\/12\/deco-edited-1-300x4.webp 300w, https:\/\/masdenadal.com\/wp-content\/uploads\/2024\/12\/deco-edited-1-1024x14.webp 1024w, https:\/\/masdenadal.com\/wp-content\/uploads\/2024\/12\/deco-edited-1-768x11.webp 768w, https:\/\/masdenadal.com\/wp-content\/uploads\/2024\/12\/deco-edited-1-1536x21.webp 1536w\" sizes=\"(max-width: 2015px) 100vw, 2015px\" \/><\/figure>\n<\/div>\n\n\n\n<div class=\"wp-block-columns is-layout-flex wp-container-core-columns-is-layout-fcaf547a wp-block-columns-is-layout-flex\" style=\"padding-right:var(--wp--preset--spacing--60);padding-left:var(--wp--preset--spacing--60)\">\n<div class=\"wp-block-column is-layout-flow wp-block-column-is-layout-flow\" style=\"padding-top:var(--wp--preset--spacing--40)\">\n<div class=\"wp-block-group is-layout-flow wp-block-group-is-layout-flow\">\n<h2 class=\"wp-block-heading\">Zu Pferd in der N\u00e4he von Saint-Cirq-Lapopie<\/h2>\n\n\n\n<figure class=\"wp-block-image size-full is-resized gt-illustration__vague animated fadeInLeft delay-100ms slow wp-duotone-d89b46-d89b46-10\" style=\"margin-top:-6rem;margin-left:-10rem\"><img decoding=\"async\" src=\"https:\/\/masdenadal.com\/wp-content\/uploads\/2024\/12\/vagues.svg\" alt=\"Wellen\" class=\"wp-image-630\" style=\"width:300px\"\/><\/figure>\n<\/div>\n\n\n\n<p>Mas de Nadal ist auch der ideale Ausgangspunkt f\u00fcr <strong>Ihre Reitausfl\u00fcge<\/strong>. Unser Campingplatz ist mit dem G\u00fctesiegel <strong><a href=\"https:\/\/masdenadal.com\/de\/camping-dienstleistungen-lot\/#label-accueil-cheval\" data-type=\"page\" data-id=\"7\" target=\"_blank\" rel=\"noreferrer noopener nofollow\">Accueil Cheval <\/a><\/strong>Der Campingplatz verf\u00fcgt \u00fcber alle Einrichtungen f\u00fcr Reiter, die mit einem Pferd auf dem Gel\u00e4nde \u00fcbernachten m\u00f6chten. <\/p>\n\n\n\n<p>So k\u00f6nnen Sie mit Ihrem Pferd die sch\u00f6nsten Wander- und Spazierwege der Umgebung erkunden. <\/p>\n\n\n\n<p>Ob einige Stunden pro Tag oder im Rahmen eines Wanderurlaubs, teilen Sie mit Ihrem Pferd einen Urlaub voller Komplizenschaft und Abwechslung!<\/p>\n<\/div>\n\n\n\n<div class=\"wp-block-column is-layout-flow wp-block-column-is-layout-flow\">\n<figure class=\"wp-block-image size-full is-resized\"><a href=\"https:\/\/masdenadal.com\/wp-content\/uploads\/2025\/01\/balade-a-cheval-dans-le-lot.webp\"><img decoding=\"async\" width=\"562\" height=\"750\" src=\"https:\/\/masdenadal.com\/wp-content\/uploads\/2025\/01\/balade-a-cheval-dans-le-lot.webp\" alt=\"Reiten im Lot\" class=\"wp-image-2904\" style=\"aspect-ratio:1;object-fit:cover;width:562px\" srcset=\"https:\/\/masdenadal.com\/wp-content\/uploads\/2025\/01\/balade-a-cheval-dans-le-lot.webp 562w, https:\/\/masdenadal.com\/wp-content\/uploads\/2025\/01\/balade-a-cheval-dans-le-lot-225x300.webp 225w\" sizes=\"(max-width: 562px) 100vw, 562px\" \/><\/a><\/figure>\n<\/div>\n<\/div>\n<\/section>\n\n<section class=\"wp-block-group alignfull gt-home-fifth ter is-layout-flow wp-block-group-is-layout-flow\" style=\"margin-bottom:0px;padding-top:10rem;padding-right:0;padding-bottom:10rem;padding-left:0rem\">\n<div class=\"wp-block-group alignfull is-content-justification-center is-nowrap is-layout-flex wp-container-core-group-is-layout-77325208 wp-block-group-is-layout-flex\" style=\"margin-top:-205px;padding-right:0rem;padding-bottom:10rem;padding-left:0rem\">\n<figure class=\"wp-block-image size-full is-resized wp-container-content-f58ced2e wp-duotone-ffffff-ffffff-11\"><img alt=\"deco\" decoding=\"async\" width=\"2015\" height=\"28\" src=\"https:\/\/masdenadal.com\/wp-content\/uploads\/2024\/12\/deco-edited-1.webp\" alt=\"\" class=\"wp-image-792\" style=\"width:2000px\" srcset=\"https:\/\/masdenadal.com\/wp-content\/uploads\/2024\/12\/deco-edited-1.webp 2015w, https:\/\/masdenadal.com\/wp-content\/uploads\/2024\/12\/deco-edited-1-300x4.webp 300w, https:\/\/masdenadal.com\/wp-content\/uploads\/2024\/12\/deco-edited-1-1024x14.webp 1024w, https:\/\/masdenadal.com\/wp-content\/uploads\/2024\/12\/deco-edited-1-768x11.webp 768w, https:\/\/masdenadal.com\/wp-content\/uploads\/2024\/12\/deco-edited-1-1536x21.webp 1536w\" sizes=\"(max-width: 2015px) 100vw, 2015px\" \/><\/figure>\n<\/div>\n\n\n\n<div class=\"wp-block-group alignfull titre-decoratif has-global-padding is-content-justification-left is-layout-constrained wp-container-core-group-is-layout-0621f06a wp-block-group-is-layout-constrained\" style=\"margin-bottom:3rem;padding-top:3rem;padding-right:0px;padding-bottom:3rem;padding-left:0px\">\n<div class=\"wp-block-group alignfull first is-layout-flow wp-block-group-is-layout-flow\" style=\"padding-right:0px;padding-left:0px\">\n<p class=\"has-text-align-center has-marcellus-sc-font-family\" style=\"font-size:clamp(51.347px, 3.209rem + ((1vw - 3.2px) * 5.381), 103px);text-transform:uppercase\">Entdecken Sie<\/p>\n<\/div>\n\n\n\n<div class=\"wp-block-group second is-vertical is-content-justification-center is-nowrap is-layout-flex wp-container-core-group-is-layout-de053ff4 wp-block-group-is-layout-flex\" style=\"margin-top:-40px\">\n<p class=\"has-text-align-center has-marcellus-sc-font-family\" style=\"font-size:clamp(36.08px, 2.255rem + ((1vw - 3.2px) * 3.117), 66px);line-height:1.1;text-transform:uppercase\">Die Pilgeretappe, das Lot und seine Flussstr\u00e4nde <\/p>\n\n\n\n<figure class=\"wp-block-image size-full is-resized\" style=\"margin-top:-1rem\"><img decoding=\"async\" width=\"488\" height=\"15\" src=\"https:\/\/masdenadal.com\/wp-content\/uploads\/2024\/11\/trait-craie.webp\" alt=\"Kreidestrich\" class=\"wp-image-438\" style=\"width:435px\" srcset=\"https:\/\/masdenadal.com\/wp-content\/uploads\/2024\/11\/trait-craie.webp 488w, https:\/\/masdenadal.com\/wp-content\/uploads\/2024\/11\/trait-craie-300x9.webp 300w\" sizes=\"(max-width: 488px) 100vw, 488px\" \/><\/figure>\n<\/div>\n<\/div>\n\n\n\n<div class=\"wp-block-group is-layout-flow wp-block-group-is-layout-flow\" style=\"padding-right:var(--wp--preset--spacing--60);padding-left:var(--wp--preset--spacing--60)\">\n<div class=\"wp-block-query alignfull gt-is-slider gt-is-slider-desktop is-layout-flow wp-block-query-is-layout-flow\"><ul class=\"wp-block-post-template is-layout-grid wp-container-core-post-template-is-layout-c37e0d04 wp-block-post-template-is-layout-grid\"><li class=\"wp-block-post post-6355 page type-page status-publish has-post-thumbnail hentry\">\n\n<div class=\"wp-block-group overflow-hidden gt-maillage has-global-padding is-layout-constrained wp-block-group-is-layout-constrained\">\n<figure class=\"wp-block-image gt-maillage__image\"><img decoding=\"async\" src=\"https:\/\/masdenadal.com\/wp-content\/uploads\/2025\/01\/pelerins-du-chemin-de-santiago.webp\" alt=\"Pilgeretappe\" style=\"aspect-ratio:3\/4;object-fit:cover\"\/><\/figure>\n\n\n\n<div class=\"wp-block-group gt-maillage__title has-global-padding is-content-justification-center is-layout-constrained wp-container-core-group-is-layout-1a1d2b18 wp-block-group-is-layout-constrained\" style=\"border-bottom-color:var(--wp--preset--color--base);border-bottom-width:2px;padding-top:0.5rem;padding-bottom:0.5rem\">\n<p class=\"has-text-align-right has-base-color has-text-color has-link-color wp-elements-73c6c40f9dfc520c8d069128cf3eada1\" style=\"border-bottom-style:none;border-bottom-width:0px;font-size:clamp(0.875rem, 0.875rem + ((1vw - 0.2rem) * 0.708), 1.3rem);font-style:normal;font-weight:300;text-transform:uppercase\">Pilgeretappe<\/p>\n<\/div>\n\n\n<a class=\"is-style-lien-cover wp-block-read-more\" href=\"https:\/\/masdenadal.com\/de\/camping-fuer-pilge-und-wanderer-im-lot\/\" target=\"_self\">Weiterlesen<span class=\"screen-reader-text\">: Pilgeretappe<\/span><\/a><\/div>\n\n<\/li><li class=\"wp-block-post post-6504 page type-page status-publish has-post-thumbnail hentry\">\n\n<div class=\"wp-block-group overflow-hidden gt-maillage has-global-padding is-layout-constrained wp-block-group-is-layout-constrained\">\n<figure class=\"wp-block-image gt-maillage__image\"><img decoding=\"async\" src=\"https:\/\/masdenadal.com\/wp-content\/uploads\/2024\/12\/visiter-le-lot.webp\" alt=\"Erkunden Sie Lot\" style=\"aspect-ratio:3\/4;object-fit:cover\"\/><\/figure>\n\n\n\n<div class=\"wp-block-group gt-maillage__title has-global-padding is-content-justification-center is-layout-constrained wp-container-core-group-is-layout-1a1d2b18 wp-block-group-is-layout-constrained\" style=\"border-bottom-color:var(--wp--preset--color--base);border-bottom-width:2px;padding-top:0.5rem;padding-bottom:0.5rem\">\n<p class=\"has-text-align-right has-base-color has-text-color has-link-color wp-elements-73c6c40f9dfc520c8d069128cf3eada1\" style=\"border-bottom-style:none;border-bottom-width:0px;font-size:clamp(0.875rem, 0.875rem + ((1vw - 0.2rem) * 0.708), 1.3rem);font-style:normal;font-weight:300;text-transform:uppercase\">Erkunden Sie Lot<\/p>\n<\/div>\n\n\n<a class=\"is-style-lien-cover wp-block-read-more\" href=\"https:\/\/masdenadal.com\/de\/tourismus-lot\/\" target=\"_self\">Weiterlesen<span class=\"screen-reader-text\">: Erkunden Sie Lot<\/span><\/a><\/div>\n\n<\/li><li class=\"wp-block-post post-6276 page type-page status-publish has-post-thumbnail hentry\">\n\n<div class=\"wp-block-group overflow-hidden gt-maillage has-global-padding is-layout-constrained wp-block-group-is-layout-constrained\">\n<figure class=\"wp-block-image gt-maillage__image\"><img decoding=\"async\" src=\"https:\/\/masdenadal.com\/wp-content\/uploads\/2025\/01\/lodges-mas-de-nadal-plage-riviere-1874-x-262-px.webp\" alt=\"Flussufer\" style=\"aspect-ratio:3\/4;object-fit:cover\"\/><\/figure>\n\n\n\n<div class=\"wp-block-group gt-maillage__title has-global-padding is-content-justification-center is-layout-constrained wp-container-core-group-is-layout-1a1d2b18 wp-block-group-is-layout-constrained\" style=\"border-bottom-color:var(--wp--preset--color--base);border-bottom-width:2px;padding-top:0.5rem;padding-bottom:0.5rem\">\n<p class=\"has-text-align-right has-base-color has-text-color has-link-color wp-elements-73c6c40f9dfc520c8d069128cf3eada1\" style=\"border-bottom-style:none;border-bottom-width:0px;font-size:clamp(0.875rem, 0.875rem + ((1vw - 0.2rem) * 0.708), 1.3rem);font-style:normal;font-weight:300;text-transform:uppercase\">Flussufer<\/p>\n<\/div>\n\n\n<a class=\"is-style-lien-cover wp-block-read-more\" href=\"https:\/\/masdenadal.com\/de\/straende-fluesse-lot\/\" target=\"_self\">Weiterlesen<span class=\"screen-reader-text\">: Flussufer<\/span><\/a><\/div>\n\n<\/li><\/ul><\/div>\n<\/div>\n<\/section>\n","protected":false},"excerpt":{"rendered":"<p>Sportliche Aktivit\u00e4ten in Lot Als Gebiet mit weiten Landschaften und gesch\u00fctzter Natur ist die Region Lothringen ein beliebtes Reiseziel. Lot ist ein ideales Reiseziel f\u00fcr Outdoor-Sport und &#8211;Freizeit. Entdecken Sie das breite Spektrum an Aktivit\u00e4ten, die Sie rund um Ihren Campingplatz Mas de Nadal in der N\u00e4he von Saint-Cirq-Lapopie. Zu Land oder zu Wasser, zu [&hellip;]<\/p>\n","protected":false},"author":1,"featured_media":6535,"parent":0,"menu_order":0,"comment_status":"closed","ping_status":"closed","template":"","meta":{"_acf_changed":false,"_seopress_robots_primary_cat":"","_seopress_titles_title":"Sportliche Aktivit\u00e4ten in der N\u00e4he von Saint-Cirq-Lapopie","_seopress_titles_desc":"Von unserem Campingplatz im Lot in den Causses du Quercy aus gibt es zahlreiche sportliche Aktivit\u00e4ten f\u00fcr einen dynamischen Aufenthalt in der Natur: Wandern, Radfahren, Reiten, Mountainbike...","_seopress_robots_index":"","_gt_ctv_global_id":"","_gt_ctv_id_group":false,"inline_featured_image":false,"gt_fse_maillage_image":"https:\/\/masdenadal.com\/wp-content\/uploads\/2025\/01\/aux-lodges-du-mas-le-pardais-des-sportifs-dans-le-lot.webp","gt_fse_maillage_titre":"Ein Paradies f\u00fcr Sportler","gt_fse_maillage_alt":"Ein Paradies f\u00fcr Sportler","gt_fse_maillage_resume":"","footnotes":""},"categories":[],"tags":[],"class_list":["post-6525","page","type-page","status-publish","has-post-thumbnail","hentry"],"acf":[],"_links":{"self":[{"href":"https:\/\/masdenadal.com\/de\/wp-json\/wp\/v2\/pages\/6525","targetHints":{"allow":["GET"]}}],"collection":[{"href":"https:\/\/masdenadal.com\/de\/wp-json\/wp\/v2\/pages"}],"about":[{"href":"https:\/\/masdenadal.com\/de\/wp-json\/wp\/v2\/types\/page"}],"author":[{"embeddable":true,"href":"https:\/\/masdenadal.com\/de\/wp-json\/wp\/v2\/users\/1"}],"replies":[{"embeddable":true,"href":"https:\/\/masdenadal.com\/de\/wp-json\/wp\/v2\/comments?post=6525"}],"version-history":[{"count":7,"href":"https:\/\/masdenadal.com\/de\/wp-json\/wp\/v2\/pages\/6525\/revisions"}],"predecessor-version":[{"id":7211,"href":"https:\/\/masdenadal.com\/de\/wp-json\/wp\/v2\/pages\/6525\/revisions\/7211"}],"wp:featuredmedia":[{"embeddable":true,"href":"https:\/\/masdenadal.com\/de\/wp-json\/wp\/v2\/media\/6535"}],"wp:attachment":[{"href":"https:\/\/masdenadal.com\/de\/wp-json\/wp\/v2\/media?parent=6525"}],"wp:term":[{"taxonomy":"category","embeddable":true,"href":"https:\/\/masdenadal.com\/de\/wp-json\/wp\/v2\/categories?post=6525"},{"taxonomy":"post_tag","embeddable":true,"href":"https:\/\/masdenadal.com\/de\/wp-json\/wp\/v2\/tags?post=6525"}],"curies":[{"name":"wp","href":"https:\/\/api.w.org\/{rel}","templated":true}]}}