{"id":6324,"date":"2024-12-30T15:09:57","date_gmt":"2024-12-30T15:09:57","guid":{"rendered":"https:\/\/masdenadal.com\/produits-locaux-lot\/"},"modified":"2025-01-24T08:20:23","modified_gmt":"2025-01-24T08:20:23","slug":"lokale-produkte-lot","status":"publish","type":"page","link":"https:\/\/masdenadal.com\/de\/lokale-produkte-lot\/","title":{"rendered":"Lokale Produkte"},"content":{"rendered":"\n<section class=\"wp-block-group alignfull gt-home-first overflow-hidden has-base-2-background-color has-background is-layout-flow wp-block-group-is-layout-flow\" style=\"padding-top:7rem\">\n<div class=\"wp-block-columns gt-main-group is-layout-flex wp-container-core-columns-is-layout-fcaf547a wp-block-columns-is-layout-flex\" style=\"padding-right:var(--wp--preset--spacing--60);padding-left:var(--wp--preset--spacing--60)\">\n<div class=\"wp-block-column is-layout-flow wp-block-column-is-layout-flow\" style=\"flex-basis:55%\">\n<figure class=\"wp-block-image size-full is-resized img-parallax\"><a href=\"https:\/\/masdenadal.com\/wp-content\/uploads\/2025\/01\/pique-nique-cahors.webp\"><img decoding=\"async\" width=\"562\" height=\"750\" src=\"https:\/\/masdenadal.com\/wp-content\/uploads\/2025\/01\/pique-nique-cahors.webp\" alt=\"Picknick in Cahors\" class=\"wp-image-2956\" style=\"aspect-ratio:1;object-fit:cover;width:562px\" srcset=\"https:\/\/masdenadal.com\/wp-content\/uploads\/2025\/01\/pique-nique-cahors.webp 562w, https:\/\/masdenadal.com\/wp-content\/uploads\/2025\/01\/pique-nique-cahors-225x300.webp 225w\" sizes=\"(max-width: 562px) 100vw, 562px\" \/><\/a><\/figure>\n<\/div>\n\n\n\n<div class=\"wp-block-column has-base-color has-text-color has-link-color wp-elements-6b1ec03b7c192d39ea5eebd403662237 is-layout-flow wp-block-column-is-layout-flow\" style=\"padding-top:var(--wp--preset--spacing--40);flex-basis:45%\">\n<div class=\"wp-block-group has-global-padding is-layout-constrained wp-block-group-is-layout-constrained\">\n<figure class=\"wp-block-image size-full is-resized gt-illustration__vague animated fadeInLeft delay-100ms slow wp-duotone-d89b46-d89b46-1\" style=\"margin-bottom:-10rem;margin-left:-10rem\"><img decoding=\"async\" src=\"https:\/\/masdenadal.com\/wp-content\/uploads\/2024\/12\/vagues.svg\" alt=\"Wellen\" class=\"wp-image-630\" style=\"width:300px\"\/><\/figure>\n\n\n\n<h1 class=\"wp-block-heading has-base-color has-text-color has-link-color wp-elements-b082c464ee423198915d0a7df864fbf9\">Treffen mit lokalen Produzenten in Lot<\/h1>\n<\/div>\n\n\n\n<div style=\"height:2rem\" aria-hidden=\"true\" class=\"wp-block-spacer gt-show-mobile\"><\/div>\n\n\n\n<p>Entdecken Sie die regionalen Produkte und das althergebrachte Wissen der Region. <strong><a href=\"https:\/\/masdenadal.com\/de\/\" data-type=\"page\" data-id=\"5\">Lot<\/a><\/strong> w\u00e4hrend Ihres <strong>Aufenthalts in Mas de Nadal<\/strong>. Treffen Sie die Menschen, die das Kunsthandwerk in Mas de Nadir am Leben erhalten. <strong><a href=\"https:\/\/masdenadal.com\/de\/tourismus-saint-cirq-lapopie\/\" data-type=\"page\" data-id=\"2186\">Saint-Cirq-Lapopie<\/a><\/strong> !   <\/p>\n\n\n\n<p class=\"has-small-font-size\">Auf dem Markt, im Herzen der Betriebe oder in ihren Werkst\u00e4tten k\u00f6nnen Sie <strong>leidenschaftliche Erzeuger und Handwerker<\/strong> treffen, die Ihnen ihre Welt und ihre Produkte vorstellen.  <\/p>\n\n\n\n<p class=\"has-contrast-2-color has-text-color has-link-color has-small-font-size wp-elements-bab029fa5a33be4931e46d2ba65a89aa\"><strong>&#8222;Alkoholmissbrauch ist gesundheitssch\u00e4dlich und sollte in Ma\u00dfen genossen werden&#8220;.<\/strong> <\/p>\n<\/div>\n<\/div>\n\n\n\n<figure class=\"wp-block-image alignright size-full is-resized wp-duotone-unset-2\" style=\"margin-top:-16rem;margin-right:-15rem;margin-bottom:-10rem\"><img decoding=\"async\" src=\"https:\/\/masdenadal.com\/wp-content\/uploads\/2024\/12\/symbole-logo.svg\" alt=\"Symbol Logo\" class=\"wp-image-1929\" style=\"object-fit:cover;width:600px;height:600px\"\/><\/figure>\n\n\n\n<div class=\"wp-block-group alignfull gt-illustrations-deco has-global-padding is-layout-constrained wp-container-core-group-is-layout-899e4275 wp-block-group-is-layout-constrained\" style=\"margin-top:-54rem;padding-top:0rem;padding-right:0px;padding-bottom:0rem;padding-left:0px\">\n<figure class=\"wp-block-image size-full\" style=\"margin-left:-160px\"><img decoding=\"async\" src=\"https:\/\/masdenadal.com\/wp-content\/uploads\/2024\/12\/pointillers.svg\" alt=\"Pointillers\" class=\"wp-image-573\"\/><\/figure>\n<\/div>\n<\/section>\n\n<section class=\"wp-block-group alignfull gt-home-second is-layout-flow wp-block-group-is-layout-flow\" style=\"margin-top:0px;padding-top:0px\">\n<svg xmlns=\"http:\/\/www.w3.org\/2000\/svg\" id=\"Calque_1\" version=\"1.1\" viewbox=\"0 0 151.7 147.8\" height=\"0\" width:=\"\">\n    <defs>\n    <clippath id=\"myClip\">\n  <!-- Generator: Adobe Illustrator 29.1.0, SVG Export Plug-In . SVG Version: 2.1.0 Build 142) -->\n  <path d=\"M7.7,73.1s2.9-.2,7.2-5.5,14-16.7,23.6-16.8,15.2,3.7,19.5,6.9,4.5,3.4,4.5,3.4c0,0-3.5-6.1-6.4-10.6s-5-14.2-1.2-21.7,12.3-13.3,16.1-17.4,4-5.8,4-5.8c0,0,1.2,3.8,4.4,6.2s17.2,13.6,17.8,23.5c.6,9.9-3.9,17.1-8.5,23.1,0,0,12.6-9.7,22.1-8.4s13.3,6.2,17.2,9.7c3.9,3.6,8.9,10.1,13.7,13.3,0,0-5.2,2.9-13.7,12.5-8.5,9.6-14.4,9.8-19.8,9.8s-19.4-7.1-21.6-8.4c0,0,13,8.7,9.8,24.9-2.7,13.2-16.5,16.5-22,28,0,0-1.3-3.8-7.7-9-6.4-5.2-14.4-12.9-15.1-22.2s6.5-18.4,10.1-22.2c0,0-9.9,8.2-19.7,8.8s-15.8-4.6-20.9-9.8-8.3-10.1-13.4-12.4Z\"><\/path>\n          <\/clippath>\n  <\/defs>\n<\/svg>\n\n\n\n<div class=\"wp-block-cover gt-home-second__image\" style=\"margin-top:-22px;padding-top:0px;min-height:100vh;aspect-ratio:unset;\"><span aria-hidden=\"true\" class=\"wp-block-cover__background has-background-dim-10 has-background-dim wp-block-cover__gradient-background has-background-gradient\" style=\"background:linear-gradient(0deg,rgb(0,0,0) 21%,rgba(0,0,0,0) 73%)\"><\/span><img decoding=\"async\" width=\"1920\" height=\"670\" class=\"wp-block-cover__image-background wp-image-2962\" alt=\"truffe du perigord\" src=\"https:\/\/masdenadal.com\/wp-content\/uploads\/2025\/01\/truffe-du-perigord.webp\" data-object-fit=\"cover\" srcset=\"https:\/\/masdenadal.com\/wp-content\/uploads\/2025\/01\/truffe-du-perigord.webp 1920w, https:\/\/masdenadal.com\/wp-content\/uploads\/2025\/01\/truffe-du-perigord-300x105.webp 300w, https:\/\/masdenadal.com\/wp-content\/uploads\/2025\/01\/truffe-du-perigord-1024x357.webp 1024w, https:\/\/masdenadal.com\/wp-content\/uploads\/2025\/01\/truffe-du-perigord-768x268.webp 768w, https:\/\/masdenadal.com\/wp-content\/uploads\/2025\/01\/truffe-du-perigord-1536x536.webp 1536w\" sizes=\"(max-width: 1920px) 100vw, 1920px\" \/><div class=\"wp-block-cover__inner-container is-layout-flow wp-block-cover-is-layout-flow\">\n<div class=\"wp-block-group alignfull titre-decoratif has-global-padding is-layout-constrained wp-container-core-group-is-layout-2a09996c wp-block-group-is-layout-constrained\" style=\"padding-top:3rem;padding-right:0px;padding-bottom:3rem;padding-left:0px\">\n<div class=\"wp-block-group is-layout-flow wp-block-group-is-layout-flow\" style=\"padding-right:0px;padding-left:0px\">\n<p class=\"has-text-align-center has-marcellus-sc-font-family\" style=\"font-size:clamp(51.347px, 3.209rem + ((1vw - 3.2px) * 5.381), 103px);text-transform:uppercase\">Tr\u00fcffel<\/p>\n<\/div>\n\n\n\n<div class=\"wp-block-group is-vertical is-content-justification-center is-nowrap is-layout-flex wp-container-core-group-is-layout-de053ff4 wp-block-group-is-layout-flex\" style=\"margin-top:-40px\">\n<p class=\"has-text-align-center has-marcellus-sc-font-family\" style=\"font-size:clamp(36.08px, 2.255rem + ((1vw - 3.2px) * 3.117), 66px);line-height:1.1;text-transform:uppercase\">schwarz<\/p>\n\n\n\n<figure class=\"wp-block-image size-full is-resized\" style=\"margin-top:-1rem\"><img decoding=\"async\" width=\"488\" height=\"15\" src=\"https:\/\/masdenadal.com\/wp-content\/uploads\/2024\/11\/trait-craie.webp\" alt=\"Kreidestrich\" class=\"wp-image-438\" style=\"width:435px\" srcset=\"https:\/\/masdenadal.com\/wp-content\/uploads\/2024\/11\/trait-craie.webp 488w, https:\/\/masdenadal.com\/wp-content\/uploads\/2024\/11\/trait-craie-300x9.webp 300w\" sizes=\"(max-width: 488px) 100vw, 488px\" \/><\/figure>\n<\/div>\n<\/div>\n\n\n\n<p class=\"has-text-align-center has-large-font-size\"><\/p>\n<\/div><\/div>\n<\/section>\n\n<section class=\"wp-block-group alignfull overflow-hidden gt-page-second has-contrast-2-background-color has-background is-layout-flow wp-block-group-is-layout-flow\" style=\"margin-top:0px;padding-top:10rem;padding-right:var(--wp--preset--spacing--60);padding-bottom:10rem;padding-left:var(--wp--preset--spacing--60)\">\n<div class=\"wp-block-columns is-layout-flex wp-container-core-columns-is-layout-428e6669 wp-block-columns-is-layout-flex\">\n<div class=\"wp-block-column has-base-color has-text-color has-link-color wp-elements-1ec3f6e9fb52aaa80ad12d88c73c58c5 is-layout-flow wp-block-column-is-layout-flow\" style=\"padding-top:0;flex-basis:45%\">\n<div class=\"wp-block-group is-layout-flow wp-block-group-is-layout-flow\">\n<h2 class=\"wp-block-heading has-base-color has-text-color has-link-color wp-elements-f4dea86dac43a6b65e02d38317ddd4c8\">Genie\u00dfen Sie die Gastronomie der Causses du Quercy<\/h2>\n\n\n\n<figure class=\"wp-block-image size-full is-resized gt-illustration__vague animated fadeInLeft delay-100ms slow wp-duotone-d89b46-6b5437-3\" style=\"margin-top:-6rem;margin-left:-10rem\"><img decoding=\"async\" src=\"https:\/\/masdenadal.com\/wp-content\/uploads\/2024\/12\/vagues.svg\" alt=\"Wellen\" class=\"wp-image-630\" style=\"width:300px\"\/><\/figure>\n<\/div>\n\n\n\n<p>Die <strong>gro\u00dfz\u00fcgige Gastronomie des Lot<\/strong> beruht auf dem leidenschaftlichen K\u00f6nnen der lokalen Erzeuger.  <\/p>\n\n\n\n<p>Vom <a href=\"https:\/\/masdenadal.com\/de\/tourismus-rocamadour\/\" data-type=\"page\" data-id=\"2217\">Rocamadour-K\u00e4se<\/a> \u00fcber den Pastis du Quercy, die Verarbeitung von <strong>Waln\u00fcssen<\/strong>, den Anbau von <strong>Safran<\/strong> und die Suche nach<strong> Tr\u00fcffeln<\/strong>&#8211; die lokalen Erzeuger und Handwerker verw\u00f6hnen Sie mit ihren Spezialit\u00e4ten.<\/p>\n\n\n\n<p>  Entdecken Sie bei der <strong>Besichtigung von Brauereien und Weing\u00fctern<\/strong> auch die k\u00f6stlichen <strong>Biere<\/strong> aus dem Lot und die <strong>ber\u00fchmten Weine der C\u00f4teaux du Quercy<\/strong>!<\/p>\n<\/div>\n\n\n\n<div class=\"wp-block-column is-layout-flow wp-block-column-is-layout-flow\" style=\"flex-basis:55%\">\n<figure class=\"wp-block-image size-full is-resized\"><a href=\"https:\/\/masdenadal.com\/wp-content\/uploads\/2025\/01\/fromage-rocamadour.webp\"><img decoding=\"async\" width=\"562\" height=\"750\" src=\"https:\/\/masdenadal.com\/wp-content\/uploads\/2025\/01\/fromage-rocamadour.webp\" alt=\"Rocamadour-K&#xE4;se\" class=\"wp-image-2923\" style=\"aspect-ratio:1;object-fit:cover;width:562px\" srcset=\"https:\/\/masdenadal.com\/wp-content\/uploads\/2025\/01\/fromage-rocamadour.webp 562w, https:\/\/masdenadal.com\/wp-content\/uploads\/2025\/01\/fromage-rocamadour-225x300.webp 225w\" sizes=\"(max-width: 562px) 100vw, 562px\" \/><\/a><\/figure>\n<\/div>\n<\/div>\n\n\n\n<figure class=\"wp-block-image alignright size-full gt-image-pointille z-index wp-duotone-6b5437-453a39-4\" style=\"margin-top:-525px;margin-right:-150px\"><img decoding=\"async\" width=\"722\" height=\"673\" src=\"https:\/\/masdenadal.com\/wp-content\/uploads\/2024\/12\/palmier-edited.webp\" alt=\"Palme\" class=\"wp-image-1971\" srcset=\"https:\/\/masdenadal.com\/wp-content\/uploads\/2024\/12\/palmier-edited.webp 722w, https:\/\/masdenadal.com\/wp-content\/uploads\/2024\/12\/palmier-edited-300x280.webp 300w\" sizes=\"(max-width: 722px) 100vw, 722px\" \/><\/figure>\n<\/section>\n\n<section class=\"wp-block-group alignfull gt-home-fifth ter is-layout-flow wp-block-group-is-layout-flow\" style=\"margin-bottom:0px;padding-top:10rem;padding-right:0;padding-bottom:10rem;padding-left:0rem\">\n<div class=\"wp-block-group alignfull deco-wrapper has-global-padding is-layout-constrained wp-container-core-group-is-layout-c774a85c wp-block-group-is-layout-constrained\" style=\"margin-top:-200px;padding-right:0rem;padding-bottom:10rem;padding-left:0rem\">\n<figure class=\"wp-block-image alignfull size-full deco wp-container-content-f58ced2e wp-duotone-ffffff-ffffff-5\"><img alt=\"deco\" decoding=\"async\" width=\"2015\" height=\"28\" src=\"https:\/\/masdenadal.com\/wp-content\/uploads\/2024\/12\/deco-edited-1.webp\" alt=\"\" class=\"wp-image-792\" srcset=\"https:\/\/masdenadal.com\/wp-content\/uploads\/2024\/12\/deco-edited-1.webp 2015w, https:\/\/masdenadal.com\/wp-content\/uploads\/2024\/12\/deco-edited-1-300x4.webp 300w, https:\/\/masdenadal.com\/wp-content\/uploads\/2024\/12\/deco-edited-1-1024x14.webp 1024w, https:\/\/masdenadal.com\/wp-content\/uploads\/2024\/12\/deco-edited-1-768x11.webp 768w, https:\/\/masdenadal.com\/wp-content\/uploads\/2024\/12\/deco-edited-1-1536x21.webp 1536w\" sizes=\"(max-width: 2015px) 100vw, 2015px\" \/><\/figure>\n<\/div>\n\n\n\n<div class=\"wp-block-columns is-layout-flex wp-container-core-columns-is-layout-fcaf547a wp-block-columns-is-layout-flex\" style=\"padding-right:var(--wp--preset--spacing--60);padding-left:var(--wp--preset--spacing--60)\">\n<div class=\"wp-block-column is-layout-flow wp-block-column-is-layout-flow\">\n<figure class=\"wp-block-image size-full is-resized\"><a href=\"https:\/\/masdenadal.com\/wp-content\/uploads\/2025\/01\/safran-de-quercy.webp\"><img decoding=\"async\" width=\"562\" height=\"750\" src=\"https:\/\/masdenadal.com\/wp-content\/uploads\/2025\/01\/safran-de-quercy.webp\" alt=\"Safran aus Quercy\" class=\"wp-image-2928\" style=\"aspect-ratio:1;object-fit:cover;width:562px\" srcset=\"https:\/\/masdenadal.com\/wp-content\/uploads\/2025\/01\/safran-de-quercy.webp 562w, https:\/\/masdenadal.com\/wp-content\/uploads\/2025\/01\/safran-de-quercy-225x300.webp 225w\" sizes=\"(max-width: 562px) 100vw, 562px\" \/><\/a><\/figure>\n<\/div>\n\n\n\n<div class=\"wp-block-column is-layout-flow wp-block-column-is-layout-flow\" style=\"padding-top:var(--wp--preset--spacing--40)\">\n<div class=\"wp-block-group is-layout-flow wp-block-group-is-layout-flow\">\n<h2 class=\"wp-block-heading\">Unsere Auswahl an kleinen Produzenten<\/h2>\n\n\n\n<figure class=\"wp-block-image size-full is-resized gt-illustration__vague animated fadeInLeft delay-100ms slow wp-duotone-d89b46-d89b46-6\" style=\"margin-top:-6rem;margin-left:-10rem\"><img decoding=\"async\" src=\"https:\/\/masdenadal.com\/wp-content\/uploads\/2024\/12\/vagues.svg\" alt=\"Wellen\" class=\"wp-image-630\" style=\"width:300px\"\/><\/figure>\n<\/div>\n\n\n\n<p>In der Umgebung von Saint-Cirq-Lapopie empfangen Sie kleine lokale Erzeuger und Handwerker f\u00fcr einen <strong>Besuch<\/strong>, eine <strong>Verkostung<\/strong> oder den <strong>Direktverkauf<\/strong> ihrer Produkte.<\/p>\n\n\n\n<p>  Besuchen Sie den Bauernhof oder die Werkst\u00e4tten, um Ihre Eink\u00e4ufe zu t\u00e4tigen!<\/p>\n\n\n\n<p>Die Herstellung von K\u00e4se mit g.U. Rocamadour auf dem Hof L\u00e9tou, Safran aus Quercy, Foie Gras vom Hof Tandounet, Weine aus Hauts de Saint-Georges oder Nussbaumplantagen: Lassen Sie sich von Ihren Geschmacksnerven zu den Spezialit\u00e4ten f\u00fchren, die Sie zum Tr\u00e4umen bringen!<\/p>\n<\/div>\n<\/div>\n<\/section>\n\n<section class=\"wp-block-group alignfull gt-home-sixth has-contrast-background-color has-background is-layout-flow wp-block-group-is-layout-flow\" style=\"margin-top:0px;margin-bottom:0px;padding-top:14rem;padding-right:var(--wp--preset--spacing--60);padding-bottom:14rem;padding-left:var(--wp--preset--spacing--60)\">\n<div class=\"wp-block-group alignfull gt-no-padding-mobile is-layout-flow wp-block-group-is-layout-flow\" style=\"padding-right:0rem;padding-left:0rem\">\n<div data-swiper=\"{&quot;speed&quot;:400,&quot;spaceBetween&quot;:&quot;0&quot;,&quot;slidesPerView&quot;:1,&quot;createElements&quot;:true,&quot;loop&quot;:true,&quot;freemode&quot;:true,&quot;pagination&quot;:{&quot;el&quot;:&quot;.swiper-pagination&quot;,&quot;dynamicBullets&quot;:true},&quot;breakpoints&quot;:[{&quot;slidesPerView&quot;:1}],&quot;navigation&quot;:false,&quot;autoplay&quot;:{&quot;delay&quot;:&quot;2000&quot;}}\" class=\"wp-block-group alignfull gt-is-slider gt-is-slider-desktop is-layout-grid wp-container-core-group-is-layout-478b6e6b wp-block-group-is-layout-grid\">\n<div class=\"wp-block-cover alignwide gt-cover-parallax-up\" style=\"min-height:100vh;aspect-ratio:unset;\"><span aria-hidden=\"true\" class=\"wp-block-cover__background has-accent-5-background-color has-background-dim-0 has-background-dim\"><\/span><img decoding=\"async\" width=\"1530\" height=\"1020\" class=\"wp-block-cover__image-background wp-image-2947\" alt=\"marche cahors\" src=\"https:\/\/masdenadal.com\/wp-content\/uploads\/2025\/01\/marche-cahors.webp\" data-object-fit=\"cover\" srcset=\"https:\/\/masdenadal.com\/wp-content\/uploads\/2025\/01\/marche-cahors.webp 1530w, https:\/\/masdenadal.com\/wp-content\/uploads\/2025\/01\/marche-cahors-300x200.webp 300w, https:\/\/masdenadal.com\/wp-content\/uploads\/2025\/01\/marche-cahors-1024x683.webp 1024w, https:\/\/masdenadal.com\/wp-content\/uploads\/2025\/01\/marche-cahors-768x512.webp 768w\" sizes=\"(max-width: 1530px) 100vw, 1530px\" \/><div class=\"wp-block-cover__inner-container is-layout-flow wp-block-cover-is-layout-flow\">\n<p class=\"has-text-align-center has-large-font-size\"><\/p>\n<\/div><\/div>\n\n\n\n<div class=\"wp-block-cover alignwide gt-cover-parallax-up\" style=\"min-height:100vh;aspect-ratio:unset;\"><span aria-hidden=\"true\" class=\"wp-block-cover__background has-accent-5-background-color has-background-dim-0 has-background-dim\"><\/span><img decoding=\"async\" width=\"1530\" height=\"1020\" class=\"wp-block-cover__image-background wp-image-2941\" alt=\"marche occitanie\" src=\"https:\/\/masdenadal.com\/wp-content\/uploads\/2025\/01\/marche-occitanie.webp\" data-object-fit=\"cover\" srcset=\"https:\/\/masdenadal.com\/wp-content\/uploads\/2025\/01\/marche-occitanie.webp 1530w, https:\/\/masdenadal.com\/wp-content\/uploads\/2025\/01\/marche-occitanie-300x200.webp 300w, https:\/\/masdenadal.com\/wp-content\/uploads\/2025\/01\/marche-occitanie-1024x683.webp 1024w, https:\/\/masdenadal.com\/wp-content\/uploads\/2025\/01\/marche-occitanie-768x512.webp 768w\" sizes=\"(max-width: 1530px) 100vw, 1530px\" \/><div class=\"wp-block-cover__inner-container is-layout-flow wp-block-cover-is-layout-flow\">\n<p class=\"has-text-align-center has-large-font-size\"><\/p>\n<\/div><\/div>\n\n\n\n<div class=\"wp-block-cover alignwide gt-cover-parallax-up\" style=\"min-height:100vh;aspect-ratio:unset;\"><span aria-hidden=\"true\" class=\"wp-block-cover__background has-accent-5-background-color has-background-dim-0 has-background-dim\"><\/span><img decoding=\"async\" width=\"1530\" height=\"1020\" class=\"wp-block-cover__image-background wp-image-2951\" alt=\"produits locaux lot\" src=\"https:\/\/masdenadal.com\/wp-content\/uploads\/2025\/01\/produits-locaux-lot.webp\" data-object-fit=\"cover\" srcset=\"https:\/\/masdenadal.com\/wp-content\/uploads\/2025\/01\/produits-locaux-lot.webp 1530w, https:\/\/masdenadal.com\/wp-content\/uploads\/2025\/01\/produits-locaux-lot-300x200.webp 300w, https:\/\/masdenadal.com\/wp-content\/uploads\/2025\/01\/produits-locaux-lot-1024x683.webp 1024w, https:\/\/masdenadal.com\/wp-content\/uploads\/2025\/01\/produits-locaux-lot-768x512.webp 768w\" sizes=\"(max-width: 1530px) 100vw, 1530px\" \/><div class=\"wp-block-cover__inner-container is-layout-flow wp-block-cover-is-layout-flow\">\n<p class=\"has-text-align-center has-large-font-size\"><\/p>\n<\/div><\/div>\n<\/div>\n\n\n\n<div class=\"wp-block-columns is-layout-flex wp-container-core-columns-is-layout-28f84493 wp-block-columns-is-layout-flex\">\n<div class=\"wp-block-column gt-hide-mobile is-layout-flow wp-block-column-is-layout-flow\"><\/div>\n\n\n\n<div class=\"wp-block-column is-layout-flow wp-block-column-is-layout-flow\" style=\"padding-top:var(--wp--preset--spacing--40)\">\n<div class=\"wp-block-group content has-contrast-background-color has-background is-layout-flow wp-block-group-is-layout-flow\" style=\"margin-top:-48rem;padding-top:4rem;padding-bottom:4rem;padding-left:7rem\">\n<div class=\"wp-block-group is-layout-flow wp-block-group-is-layout-flow\">\n<h2 class=\"wp-block-heading has-base-color has-text-color has-link-color wp-elements-5afda3d7a58c6a852788a11dd6d8eceb\">M\u00e4rkte in der N\u00e4he von <br\/>Saint-Cirq-Lapopie<\/h2>\n\n\n\n<figure class=\"wp-block-image size-full is-resized gt-illustration__vague animated fadeInLeft delay-100ms slow wp-duotone-d89b46-6b5437-7\" style=\"margin-top:-6rem;margin-left:-10rem\"><img decoding=\"async\" src=\"https:\/\/masdenadal.com\/wp-content\/uploads\/2024\/12\/vagues.svg\" alt=\"Wellen\" class=\"wp-image-630\" style=\"width:300px\"\/><\/figure>\n<\/div>\n\n\n\n<div class=\"wp-block-group has-base-color has-text-color has-link-color wp-elements-8bf829aee58a3a8e164e6a5204e37565 is-layout-flow wp-block-group-is-layout-flow\">\n<p>Die <strong>M\u00e4rkte im Lot<\/strong> sind privilegierte Treffpunkte, um regionale Produkte direkt von den Erzeugern zu probieren und zu kaufen.  <\/p>\n\n\n\n<p>Gem\u00fcsebauern, Landwirte, Viehz\u00fcchter und Handwerker bieten hier ihre frischen Produkte in einer <strong>stets freundlichen und lebhaften Atmosph\u00e4re an<\/strong>.  <\/p>\n\n\n\n<p>Treffpunkt: <strong>Dienstagabend in Marcilhac,<\/strong> <strong>Freitagmorgen in Cabrerets<\/strong>, <strong>Mittwochabend im Dorfzentrum von Saint-Cirq-Lapopie<\/strong>, <strong>Samstagnachmittag im Stadtzentrum von Carjac<\/strong>.  <\/p>\n\n\n\n<p>Verpassen Sie nicht die gr\u00f6\u00dften M\u00e4rkte im Lot, am <strong>Samstagmorgen in Figeac<\/strong> oder auf dem Platz vor der Kathedrale Saint-Etienne in Cahors.<\/p>\n<\/div>\n<\/div>\n<\/div>\n<\/div>\n<\/div>\n\n\n\n<figure data-gt-animation-speed=\"100\" data-gt-animation-delay=\"20\" class=\"wp-block-image alignright size-large is-resized gt-image-pointille gt-gsap-parallaxDown wp-duotone-58595b-ffffff-8\" style=\"margin-top:-23rem;margin-right:31rem\"><img decoding=\"async\" width=\"1024\" height=\"803\" src=\"https:\/\/masdenadal.com\/wp-content\/uploads\/2024\/12\/branche-1024x803.webp\" alt=\"Zweig\" class=\"wp-image-1284\" style=\"width:606px\" srcset=\"https:\/\/masdenadal.com\/wp-content\/uploads\/2024\/12\/branche-1024x803.webp 1024w, https:\/\/masdenadal.com\/wp-content\/uploads\/2024\/12\/branche-300x235.webp 300w, https:\/\/masdenadal.com\/wp-content\/uploads\/2024\/12\/branche-768x602.webp 768w, https:\/\/masdenadal.com\/wp-content\/uploads\/2024\/12\/branche.webp 1157w\" sizes=\"(max-width: 1024px) 100vw, 1024px\" \/><\/figure>\n<\/section>\n\n<section class=\"wp-block-group alignfull gt-home-fifth ter is-layout-flow wp-block-group-is-layout-flow\" style=\"margin-bottom:0px;padding-top:10rem;padding-right:0;padding-bottom:10rem;padding-left:0rem\">\n<div class=\"wp-block-group alignfull deco-wrapper is-content-justification-center is-nowrap is-layout-flex wp-container-core-group-is-layout-51f8b3e1 wp-block-group-is-layout-flex\" style=\"margin-top:-200px;padding-right:0rem;padding-bottom:10rem;padding-left:0rem\">\n<figure class=\"wp-block-image size-full is-resized deco wp-container-content-f58ced2e wp-duotone-ffffff-ffffff-9\"><img alt=\"deco\" decoding=\"async\" width=\"2015\" height=\"28\" src=\"https:\/\/masdenadal.com\/wp-content\/uploads\/2024\/12\/deco-edited-1.webp\" alt=\"\" class=\"wp-image-792\" style=\"width:2000px\" srcset=\"https:\/\/masdenadal.com\/wp-content\/uploads\/2024\/12\/deco-edited-1.webp 2015w, https:\/\/masdenadal.com\/wp-content\/uploads\/2024\/12\/deco-edited-1-300x4.webp 300w, https:\/\/masdenadal.com\/wp-content\/uploads\/2024\/12\/deco-edited-1-1024x14.webp 1024w, https:\/\/masdenadal.com\/wp-content\/uploads\/2024\/12\/deco-edited-1-768x11.webp 768w, https:\/\/masdenadal.com\/wp-content\/uploads\/2024\/12\/deco-edited-1-1536x21.webp 1536w\" sizes=\"(max-width: 2015px) 100vw, 2015px\" \/><\/figure>\n<\/div>\n\n\n\n<div class=\"wp-block-group alignfull titre-decoratif has-global-padding is-content-justification-left is-layout-constrained wp-container-core-group-is-layout-0621f06a wp-block-group-is-layout-constrained\" style=\"margin-bottom:3rem;padding-top:3rem;padding-right:0px;padding-bottom:3rem;padding-left:0px\">\n<div class=\"wp-block-group alignfull first is-layout-flow wp-block-group-is-layout-flow\" style=\"padding-right:0px;padding-left:0px\">\n<p class=\"has-text-align-center has-marcellus-sc-font-family\" style=\"font-size:clamp(51.347px, 3.209rem + ((1vw - 3.2px) * 5.381), 103px);text-transform:uppercase\">Entdecken Sie<\/p>\n<\/div>\n\n\n\n<div class=\"wp-block-group second is-vertical is-content-justification-center is-nowrap is-layout-flex wp-container-core-group-is-layout-de053ff4 wp-block-group-is-layout-flex\" style=\"margin-top:-40px\">\n<p class=\"has-text-align-center has-marcellus-sc-font-family\" style=\"font-size:clamp(36.08px, 2.255rem + ((1vw - 3.2px) * 3.117), 66px);line-height:1.1;text-transform:uppercase\">Lot, Figeac und Rocamadour<\/p>\n\n\n\n<figure class=\"wp-block-image size-full is-resized\" style=\"margin-top:-1rem\"><img decoding=\"async\" width=\"488\" height=\"15\" src=\"https:\/\/masdenadal.com\/wp-content\/uploads\/2024\/11\/trait-craie.webp\" alt=\"Kreidestrich\" class=\"wp-image-438\" style=\"width:435px\" srcset=\"https:\/\/masdenadal.com\/wp-content\/uploads\/2024\/11\/trait-craie.webp 488w, https:\/\/masdenadal.com\/wp-content\/uploads\/2024\/11\/trait-craie-300x9.webp 300w\" sizes=\"(max-width: 488px) 100vw, 488px\" \/><\/figure>\n<\/div>\n<\/div>\n\n\n\n<div class=\"wp-block-group is-layout-flow wp-block-group-is-layout-flow\" style=\"padding-right:var(--wp--preset--spacing--60);padding-left:var(--wp--preset--spacing--60)\">\n<div class=\"wp-block-query alignfull gt-is-slider gt-is-slider-desktop is-layout-flow wp-block-query-is-layout-flow\"><ul class=\"wp-block-post-template is-layout-grid wp-container-core-post-template-is-layout-c37e0d04 wp-block-post-template-is-layout-grid\"><li class=\"wp-block-post post-6504 page type-page status-publish has-post-thumbnail hentry\">\n\n<div class=\"wp-block-group overflow-hidden gt-maillage has-global-padding is-layout-constrained wp-block-group-is-layout-constrained\">\n<figure class=\"wp-block-image gt-maillage__image\"><img decoding=\"async\" src=\"https:\/\/masdenadal.com\/wp-content\/uploads\/2024\/12\/visiter-le-lot.webp\" alt=\"Erkunden Sie Lot\" style=\"aspect-ratio:3\/4;object-fit:cover\"\/><\/figure>\n\n\n\n<div class=\"wp-block-group gt-maillage__title has-global-padding is-content-justification-center is-layout-constrained wp-container-core-group-is-layout-1a1d2b18 wp-block-group-is-layout-constrained\" style=\"border-bottom-color:var(--wp--preset--color--base);border-bottom-width:2px;padding-top:0.5rem;padding-bottom:0.5rem\">\n<p class=\"has-text-align-right has-base-color has-text-color has-link-color wp-elements-73c6c40f9dfc520c8d069128cf3eada1\" style=\"border-bottom-style:none;border-bottom-width:0px;font-size:clamp(0.875rem, 0.875rem + ((1vw - 0.2rem) * 0.708), 1.3rem);font-style:normal;font-weight:300;text-transform:uppercase\">Erkunden Sie Lot<\/p>\n<\/div>\n\n\n<a class=\"is-style-lien-cover wp-block-read-more\" href=\"https:\/\/masdenadal.com\/de\/tourismus-lot\/\" target=\"_self\">Weiterlesen<span class=\"screen-reader-text\">: Erkunden Sie Lot<\/span><\/a><\/div>\n\n<\/li><li class=\"wp-block-post post-6304 page type-page status-publish has-post-thumbnail hentry\">\n\n<div class=\"wp-block-group overflow-hidden gt-maillage has-global-padding is-layout-constrained wp-block-group-is-layout-constrained\">\n<figure class=\"wp-block-image gt-maillage__image\"><img decoding=\"async\" src=\"https:\/\/masdenadal.com\/wp-content\/uploads\/2024\/12\/figeac.webp\" alt=\"Figeac\" style=\"aspect-ratio:3\/4;object-fit:cover\"\/><\/figure>\n\n\n\n<div class=\"wp-block-group gt-maillage__title has-global-padding is-content-justification-center is-layout-constrained wp-container-core-group-is-layout-1a1d2b18 wp-block-group-is-layout-constrained\" style=\"border-bottom-color:var(--wp--preset--color--base);border-bottom-width:2px;padding-top:0.5rem;padding-bottom:0.5rem\">\n<p class=\"has-text-align-right has-base-color has-text-color has-link-color wp-elements-73c6c40f9dfc520c8d069128cf3eada1\" style=\"border-bottom-style:none;border-bottom-width:0px;font-size:clamp(0.875rem, 0.875rem + ((1vw - 0.2rem) * 0.708), 1.3rem);font-style:normal;font-weight:300;text-transform:uppercase\">Figeac<\/p>\n<\/div>\n\n\n<a class=\"is-style-lien-cover wp-block-read-more\" href=\"https:\/\/masdenadal.com\/de\/tourismus-figeac\/\" target=\"_self\">Weiterlesen<span class=\"screen-reader-text\">: Figeac<\/span><\/a><\/div>\n\n<\/li><li class=\"wp-block-post post-6301 page type-page status-publish has-post-thumbnail hentry\">\n\n<div class=\"wp-block-group overflow-hidden gt-maillage has-global-padding is-layout-constrained wp-block-group-is-layout-constrained\">\n<figure class=\"wp-block-image gt-maillage__image\"><img decoding=\"async\" src=\"https:\/\/masdenadal.com\/wp-content\/uploads\/2024\/12\/rocamadour-1.webp\" alt=\"Rocamadour\" style=\"aspect-ratio:3\/4;object-fit:cover\"\/><\/figure>\n\n\n\n<div class=\"wp-block-group gt-maillage__title has-global-padding is-content-justification-center is-layout-constrained wp-container-core-group-is-layout-1a1d2b18 wp-block-group-is-layout-constrained\" style=\"border-bottom-color:var(--wp--preset--color--base);border-bottom-width:2px;padding-top:0.5rem;padding-bottom:0.5rem\">\n<p class=\"has-text-align-right has-base-color has-text-color has-link-color wp-elements-73c6c40f9dfc520c8d069128cf3eada1\" style=\"border-bottom-style:none;border-bottom-width:0px;font-size:clamp(0.875rem, 0.875rem + ((1vw - 0.2rem) * 0.708), 1.3rem);font-style:normal;font-weight:300;text-transform:uppercase\">Rocamadour<\/p>\n<\/div>\n\n\n<a class=\"is-style-lien-cover wp-block-read-more\" href=\"https:\/\/masdenadal.com\/de\/tourismus-rocamadour\/\" target=\"_self\">Weiterlesen<span class=\"screen-reader-text\">: Rocamadour<\/span><\/a><\/div>\n\n<\/li><\/ul><\/div>\n<\/div>\n<\/section>\n","protected":false},"excerpt":{"rendered":"<p>Treffen mit lokalen Produzenten in Lot Entdecken Sie die regionalen Produkte und das althergebrachte Wissen der Region. Lot w\u00e4hrend Ihres Aufenthalts in Mas de Nadal. Treffen Sie die Menschen, die das Kunsthandwerk in Mas de Nadir am Leben erhalten. Saint-Cirq-Lapopie ! Auf dem Markt, im Herzen der Betriebe oder in ihren Werkst\u00e4tten k\u00f6nnen Sie leidenschaftliche [&hellip;]<\/p>\n","protected":false},"author":1,"featured_media":6215,"parent":0,"menu_order":0,"comment_status":"closed","ping_status":"closed","template":"","meta":{"_acf_changed":false,"_seopress_robots_primary_cat":"","_seopress_titles_title":"Probieren Sie die Gastronomie von Lot","_seopress_titles_desc":"Die Gastronomie und die lokalen Produzenten des Lot sind ein weiterer Schatz, den Sie w\u00e4hrend Ihres Aufenthalts auf unserem Campingplatz in der N\u00e4he von Saint-Cirq-Lapopie entdecken k\u00f6nnen.","_seopress_robots_index":"","_gt_ctv_global_id":"","_gt_ctv_id_group":false,"inline_featured_image":false,"gt_fse_maillage_image":"https:\/\/masdenadal.com\/wp-content\/uploads\/2025\/01\/produits-locaux-terroir-lot.webp","gt_fse_maillage_titre":"Lokale Produkte","gt_fse_maillage_alt":"Lokale Produkte","gt_fse_maillage_resume":"","footnotes":""},"categories":[],"tags":[],"class_list":["post-6324","page","type-page","status-publish","has-post-thumbnail","hentry"],"acf":[],"_links":{"self":[{"href":"https:\/\/masdenadal.com\/de\/wp-json\/wp\/v2\/pages\/6324","targetHints":{"allow":["GET"]}}],"collection":[{"href":"https:\/\/masdenadal.com\/de\/wp-json\/wp\/v2\/pages"}],"about":[{"href":"https:\/\/masdenadal.com\/de\/wp-json\/wp\/v2\/types\/page"}],"author":[{"embeddable":true,"href":"https:\/\/masdenadal.com\/de\/wp-json\/wp\/v2\/users\/1"}],"replies":[{"embeddable":true,"href":"https:\/\/masdenadal.com\/de\/wp-json\/wp\/v2\/comments?post=6324"}],"version-history":[{"count":2,"href":"https:\/\/masdenadal.com\/de\/wp-json\/wp\/v2\/pages\/6324\/revisions"}],"predecessor-version":[{"id":6874,"href":"https:\/\/masdenadal.com\/de\/wp-json\/wp\/v2\/pages\/6324\/revisions\/6874"}],"wp:featuredmedia":[{"embeddable":true,"href":"https:\/\/masdenadal.com\/de\/wp-json\/wp\/v2\/media\/6215"}],"wp:attachment":[{"href":"https:\/\/masdenadal.com\/de\/wp-json\/wp\/v2\/media?parent=6324"}],"wp:term":[{"taxonomy":"category","embeddable":true,"href":"https:\/\/masdenadal.com\/de\/wp-json\/wp\/v2\/categories?post=6324"},{"taxonomy":"post_tag","embeddable":true,"href":"https:\/\/masdenadal.com\/de\/wp-json\/wp\/v2\/tags?post=6324"}],"curies":[{"name":"wp","href":"https:\/\/api.w.org\/{rel}","templated":true}]}}